{"id":4618,"date":"2020-05-05T14:54:55","date_gmt":"2020-05-05T18:54:55","guid":{"rendered":"https:\/\/www.braintumour.ca\/?post_type=events&#038;p=4618"},"modified":"2020-05-20T16:17:31","modified_gmt":"2020-05-20T20:17:31","slug":"concert-de-musique-avec-la-chanteuse-et-musicienne-acadienne-nathalie-renault","status":"publish","type":"events","link":"https:\/\/www.braintumour.ca\/fr\/evenements\/concert-de-musique-avec-la-chanteuse-et-musicienne-acadienne-nathalie-renault\/","title":{"rendered":"Concert de musique avec la chanteuse et musicienne acadienne Nathalie Renault"},"content":{"rendered":"<p>Joignez-vous \u00e0 nous d\u00e8s 18h HNE ce soir pour un concert en direct de l\u2019auteur-compositrice-interpr\u00e8te acadienne Nathalie Renault, alors qu\u2019elle participera \u00e0 l\u2019initiative <a class=\"_58cn\" href=\"https:\/\/www.facebook.com\/hashtag\/canadaenprestation?__eep__=6&amp;source=feed_text&amp;epa=HASHTAG&amp;__xts__%5B0%5D=68.ARAB5pIq8DRvRClHXC1dLAS0cEpITVUD3fLM7zYfdRxOQ177UwM3TiDcif1ZzR-vHlaXzr1V4HPv5FA6ezZcOLWisoVWk3IP1wo3Cmo8c8LNyEdjsyaSwgUZnAYXGYjd8WXaBy0eI-d-weNRLiEw1fmDQq3cGVxgkvfiicI_vGCJKDECnu1blcu6w8tnncU4Yx2b9ZZpODNhEmu371Ji08SVGTGj_K4eiyeaLrk9HG00W1Q0RXY3YbndLA40DroJ0QpqSce0ZV8hqVuKyNI5vWU6-R-GkvvVV5YFabejBIcm__eVY943MRz-VbQyzvE6IENAYL1JzBzwwckiidwAG2NVZg&amp;__tn__=%2ANK-R\" data-ft=\"{&quot;type&quot;:104,&quot;tn&quot;:&quot;*N&quot;}\"><span class=\"_5afx\"><span class=\"_58cl _5afz\" aria-label=\"hashtag\">#<\/span><span class=\"_58cm\">CanadaEnPrestation<\/span><\/span><\/a> sur la page Facebook du Centre national des arts. Elle d\u00e9diera ce concert \u00e0 tous les membres de la communaut\u00e9 des tumeurs c\u00e9r\u00e9brales.<\/p>\n<p>Assister au concert en direct sur la page Facebook du Centre <span class=\"text_exposed_show\">national des arts d\u00e8s 18h: <a class=\"profileLink\" href=\"https:\/\/www.facebook.com\/CanadasNAC.CNAduCanada\/?__tn__=K-R&amp;eid=ARCxN96-a7lD0MjqQ7yvMdzFNfz5-FKnc3wcNWhV0HXY6Gg1PSh38VcmskfK_lnux9adujo2a6DQjSXS&amp;fref=mentions&amp;__xts__%5B0%5D=68.ARAB5pIq8DRvRClHXC1dLAS0cEpITVUD3fLM7zYfdRxOQ177UwM3TiDcif1ZzR-vHlaXzr1V4HPv5FA6ezZcOLWisoVWk3IP1wo3Cmo8c8LNyEdjsyaSwgUZnAYXGYjd8WXaBy0eI-d-weNRLiEw1fmDQq3cGVxgkvfiicI_vGCJKDECnu1blcu6w8tnncU4Yx2b9ZZpODNhEmu371Ji08SVGTGj_K4eiyeaLrk9HG00W1Q0RXY3YbndLA40DroJ0QpqSce0ZV8hqVuKyNI5vWU6-R-GkvvVV5YFabejBIcm__eVY943MRz-VbQyzvE6IENAYL1JzBzwwckiidwAG2NVZg\" data-hovercard=\"\/ajax\/hovercard\/page.php?id=205712909516&amp;extragetparams=%7B%22__tn__%22%3A%22%2CdK-R-R%22%2C%22eid%22%3A%22ARCxN96-a7lD0MjqQ7yvMdzFNfz5-FKnc3wcNWhV0HXY6Gg1PSh38VcmskfK_lnux9adujo2a6DQjSXS%22%2C%22fref%22%3A%22mentions%22%7D\" data-hovercard-prefer-more-content-show=\"1\">https:\/\/www.facebook.com\/CanadasNAC.CNAduCanada\/<\/a><\/span><\/p>\n<div class=\"text_exposed_show\">\n<p>Suivez \u00e9galement Nathalie sur sa page Facebook : Concert de musique avec la talentueuse chanteuse et musicienne acadienne Nathalie Renault | <a class=\"_58cn\" href=\"https:\/\/www.facebook.com\/hashtag\/soutien\u00e0lamaison?__eep__=6&amp;source=feed_text&amp;epa=HASHTAG&amp;__xts__%5B0%5D=68.ARAB5pIq8DRvRClHXC1dLAS0cEpITVUD3fLM7zYfdRxOQ177UwM3TiDcif1ZzR-vHlaXzr1V4HPv5FA6ezZcOLWisoVWk3IP1wo3Cmo8c8LNyEdjsyaSwgUZnAYXGYjd8WXaBy0eI-d-weNRLiEw1fmDQq3cGVxgkvfiicI_vGCJKDECnu1blcu6w8tnncU4Yx2b9ZZpODNhEmu371Ji08SVGTGj_K4eiyeaLrk9HG00W1Q0RXY3YbndLA40DroJ0QpqSce0ZV8hqVuKyNI5vWU6-R-GkvvVV5YFabejBIcm__eVY943MRz-VbQyzvE6IENAYL1JzBzwwckiidwAG2NVZg&amp;__tn__=%2ANK-R\" data-ft=\"{&quot;type&quot;:104,&quot;tn&quot;:&quot;*N&quot;}\"><span class=\"_5afx\"><span class=\"_58cl _5afz\" aria-label=\"hashtag\">#<\/span><span class=\"_58cm\">Soutien\u00e0lamaison<\/span><\/span><\/a><\/p>\n<p>Joignez-vous \u00e0 nous ce samedi 9 mai \u00e0 18h HNE pour un concert en direct de l\u2019auteur-compositrice-interpr\u00e8te acadienne Nathalie Renault, alors qu\u2019elle participera \u00e0 l\u2019initiative <a class=\"_58cn\" href=\"https:\/\/www.facebook.com\/hashtag\/canadaenprestation?__eep__=6&amp;source=feed_text&amp;epa=HASHTAG&amp;__xts__%5B0%5D=68.ARAB5pIq8DRvRClHXC1dLAS0cEpITVUD3fLM7zYfdRxOQ177UwM3TiDcif1ZzR-vHlaXzr1V4HPv5FA6ezZcOLWisoVWk3IP1wo3Cmo8c8LNyEdjsyaSwgUZnAYXGYjd8WXaBy0eI-d-weNRLiEw1fmDQq3cGVxgkvfiicI_vGCJKDECnu1blcu6w8tnncU4Yx2b9ZZpODNhEmu371Ji08SVGTGj_K4eiyeaLrk9HG00W1Q0RXY3YbndLA40DroJ0QpqSce0ZV8hqVuKyNI5vWU6-R-GkvvVV5YFabejBIcm__eVY943MRz-VbQyzvE6IENAYL1JzBzwwckiidwAG2NVZg&amp;__tn__=%2ANK-R\" data-ft=\"{&quot;type&quot;:104,&quot;tn&quot;:&quot;*N&quot;}\"><span class=\"_5afx\"><span class=\"_58cl _5afz\" aria-label=\"hashtag\">#<\/span><span class=\"_58cm\">CanadaEnPrestation<\/span><\/span><\/a> sur la page Facebook du Centre national des arts. Elle d\u00e9diera ce concert \u00e0 tous les membres de la communaut\u00e9 des tumeurs c\u00e9r\u00e9brales.<\/p>\n<p>Assister au concert en direct sur la page Facebook du Centre national des arts ce samedi 9 mai \u00e0 18h HNE sur la page suivante: <a class=\"profileLink\" href=\"https:\/\/www.facebook.com\/CanadasNAC.CNAduCanada\/?__tn__=K-R&amp;eid=ARDaQTmGet3onXAZfJuZc55C-eT9-UmCTV6pHy_lwiK7Y7pBJcVWn13ImCncnlwgWXG2yhpMo_R3YufO&amp;fref=mentions&amp;__xts__%5B0%5D=68.ARAB5pIq8DRvRClHXC1dLAS0cEpITVUD3fLM7zYfdRxOQ177UwM3TiDcif1ZzR-vHlaXzr1V4HPv5FA6ezZcOLWisoVWk3IP1wo3Cmo8c8LNyEdjsyaSwgUZnAYXGYjd8WXaBy0eI-d-weNRLiEw1fmDQq3cGVxgkvfiicI_vGCJKDECnu1blcu6w8tnncU4Yx2b9ZZpODNhEmu371Ji08SVGTGj_K4eiyeaLrk9HG00W1Q0RXY3YbndLA40DroJ0QpqSce0ZV8hqVuKyNI5vWU6-R-GkvvVV5YFabejBIcm__eVY943MRz-VbQyzvE6IENAYL1JzBzwwckiidwAG2NVZg\" data-hovercard=\"\/ajax\/hovercard\/page.php?id=205712909516&amp;extragetparams=%7B%22__tn__%22%3A%22%2CdK-R-R%22%2C%22eid%22%3A%22ARDaQTmGet3onXAZfJuZc55C-eT9-UmCTV6pHy_lwiK7Y7pBJcVWn13ImCncnlwgWXG2yhpMo_R3YufO%22%2C%22fref%22%3A%22mentions%22%7D\" data-hovercard-prefer-more-content-show=\"1\">https:\/\/www.facebook.com\/CanadasNAC.CNAduCanada\/<\/a><\/p>\n<p>Suivez \u00e9galement Nathalie sur sa page Facebook: <a class=\"profileLink\" href=\"https:\/\/www.facebook.com\/NatJazzReno\/?__tn__=K-R&amp;eid=ARCrZBRj7-WjgDxkhbI1WtMZ0bOlTAnFZOG9LBVKb8fgtmGyK6cHP93zNn-S3nCeO7kYr8Cj_4ZLWhna&amp;fref=mentions&amp;__xts__%5B0%5D=68.ARAB5pIq8DRvRClHXC1dLAS0cEpITVUD3fLM7zYfdRxOQ177UwM3TiDcif1ZzR-vHlaXzr1V4HPv5FA6ezZcOLWisoVWk3IP1wo3Cmo8c8LNyEdjsyaSwgUZnAYXGYjd8WXaBy0eI-d-weNRLiEw1fmDQq3cGVxgkvfiicI_vGCJKDECnu1blcu6w8tnncU4Yx2b9ZZpODNhEmu371Ji08SVGTGj_K4eiyeaLrk9HG00W1Q0RXY3YbndLA40DroJ0QpqSce0ZV8hqVuKyNI5vWU6-R-GkvvVV5YFabejBIcm__eVY943MRz-VbQyzvE6IENAYL1JzBzwwckiidwAG2NVZg\" data-hovercard=\"\/ajax\/hovercard\/page.php?id=371041696422&amp;extragetparams=%7B%22__tn__%22%3A%22%2CdK-R-R%22%2C%22eid%22%3A%22ARCrZBRj7-WjgDxkhbI1WtMZ0bOlTAnFZOG9LBVKb8fgtmGyK6cHP93zNn-S3nCeO7kYr8Cj_4ZLWhna%22%2C%22fref%22%3A%22mentions%22%7D\" data-hovercard-prefer-more-content-show=\"1\">www.facebook.com\/NatJazzReno<\/a><\/p>\n<p>Une initiative de <a class=\"_58cn\" href=\"https:\/\/www.facebook.com\/hashtag\/soutien\u00e0lamaison?__eep__=6&amp;source=feed_text&amp;epa=HASHTAG&amp;__xts__%5B0%5D=68.ARAB5pIq8DRvRClHXC1dLAS0cEpITVUD3fLM7zYfdRxOQ177UwM3TiDcif1ZzR-vHlaXzr1V4HPv5FA6ezZcOLWisoVWk3IP1wo3Cmo8c8LNyEdjsyaSwgUZnAYXGYjd8WXaBy0eI-d-weNRLiEw1fmDQq3cGVxgkvfiicI_vGCJKDECnu1blcu6w8tnncU4Yx2b9ZZpODNhEmu371Ji08SVGTGj_K4eiyeaLrk9HG00W1Q0RXY3YbndLA40DroJ0QpqSce0ZV8hqVuKyNI5vWU6-R-GkvvVV5YFabejBIcm__eVY943MRz-VbQyzvE6IENAYL1JzBzwwckiidwAG2NVZg&amp;__tn__=%2ANK-R\" data-ft=\"{&quot;type&quot;:104,&quot;tn&quot;:&quot;*N&quot;}\"><span class=\"_5afx\"><span class=\"_58cl _5afz\" aria-label=\"hashtag\">#<\/span><span class=\"_58cm\">Soutien\u00e0lamaison<\/span><\/span><\/a><\/p>\n<p style=\"text-align: center;\"><a href=\"https:\/\/www.braintumour.ca\/wp-content\/uploads\/2020\/05\/Pochette-avant-sans-lettrage-bon.jpg\"><img loading=\"lazy\" decoding=\"async\" class=\"alignleft wp-image-4617 size-full\" src=\"https:\/\/www.braintumour.ca\/wp-content\/uploads\/2020\/05\/Pochette-avant-sans-lettrage-bon.jpg\" alt=\"\" width=\"768\" height=\"768\" srcset=\"https:\/\/www.braintumour.ca\/wp-content\/uploads\/2020\/05\/Pochette-avant-sans-lettrage-bon.jpg 768w, https:\/\/www.braintumour.ca\/wp-content\/uploads\/2020\/05\/Pochette-avant-sans-lettrage-bon-300x300.jpg 300w, https:\/\/www.braintumour.ca\/wp-content\/uploads\/2020\/05\/Pochette-avant-sans-lettrage-bon-150x150.jpg 150w, https:\/\/www.braintumour.ca\/wp-content\/uploads\/2020\/05\/Pochette-avant-sans-lettrage-bon-640x640.jpg 640w\" sizes=\"auto, (max-width: 639px) 98vw, (max-width: 1199px) 64vw, 768px\" \/><\/a><\/p>\n<\/div>\n","protected":false},"excerpt":{"rendered":"<p>Joignez-vous \u00e0 nous d\u00e8s 18h HNE ce soir pour un concert en direct de l\u2019auteur-compositrice-interpr\u00e8te acadienne Nathalie Renault, alors qu\u2019elle [&hellip;]<\/p>\n","protected":false},"author":6,"featured_media":4617,"parent":0,"template":"","event_type":[],"locations":[193,242,159,194,272,160,195,273,161,196,274,162,197,275,182,198,276,183,199,277,184,200,278,185,201,279,186,202,187,203,188,204,189,205,190,206,191,207,192,208],"class_list":["post-4618","events","type-events","status-publish","has-post-thumbnail","hentry","locations-niagara-on-fr","locations-saint-isodore-qc-fr","locations-sudbury-fr","locations-north-bay-fr","locations-barrie-on-fr","locations-montreal","locations-ottawa-fr","locations-kingston-on-fr","locations-canada-wide-fr","locations-sarnia-on-fr","locations-sault-ste-marie-on-fr","locations-moncton-nb-fr","locations-saskatoon-fr","locations-burlington-on-fr","locations-ajax-on-fr","locations-toronto-fr","locations-paradise-nl-fr","locations-hamilton-fr","locations-vancouver-fr","locations-banff-fr","locations-calgary-fr","locations-victoria-fr","locations-regina-sk-fr","locations-edmonton-fr","locations-whitehorse-fr","locations-richmond-bc-fr","locations-fredericton-fr","locations-yellowknife-fr","locations-guelph-fr","locations-winnipeg-fr","locations-halifax-fr","locations-brampton-fr","locations-kitchener-fr","locations-belleville-fr","locations-london-fr","locations-windsor-fr","locations-mississauga-fr","locations-quebec-city-fr","locations-new-glasgow-ns-fr","locations-st-johns-fr"],"acf":[],"yoast_head":"<!-- This site is optimized with the Yoast SEO Premium plugin v27.0 (Yoast SEO v27.0) - https:\/\/yoast.com\/product\/yoast-seo-premium-wordpress\/ -->\n<title>Concert de musique avec la chanteuse et musicienne acadienne Nathalie Renault - Fondation canadienne des tumeurs c\u00e9r\u00e9brales<\/title>\n<meta name=\"robots\" content=\"index, follow, max-snippet:-1, max-image-preview:large, max-video-preview:-1\" \/>\n<link rel=\"canonical\" href=\"https:\/\/www.braintumour.ca\/fr\/evenements\/concert-de-musique-avec-la-chanteuse-et-musicienne-acadienne-nathalie-renault\/\" \/>\n<meta property=\"og:locale\" content=\"fr_CA\" \/>\n<meta property=\"og:type\" content=\"article\" \/>\n<meta property=\"og:title\" content=\"Concert de musique avec la chanteuse et musicienne acadienne Nathalie Renault\" \/>\n<meta property=\"og:description\" content=\"Joignez-vous \u00e0 nous d\u00e8s 18h HNE ce soir pour un concert en direct de l\u2019auteur-compositrice-interpr\u00e8te acadienne Nathalie Renault, alors qu\u2019elle [&hellip;]\" \/>\n<meta property=\"og:url\" content=\"https:\/\/www.braintumour.ca\/fr\/evenements\/concert-de-musique-avec-la-chanteuse-et-musicienne-acadienne-nathalie-renault\/\" \/>\n<meta property=\"og:site_name\" content=\"Fondation canadienne des tumeurs c\u00e9r\u00e9brales\" \/>\n<meta property=\"article:modified_time\" content=\"2020-05-20T20:17:31+00:00\" \/>\n<meta property=\"og:image\" content=\"https:\/\/www.braintumour.ca\/wp-content\/uploads\/2020\/05\/Pochette-avant-sans-lettrage-bon.jpg\" \/>\n\t<meta property=\"og:image:width\" content=\"768\" \/>\n\t<meta property=\"og:image:height\" content=\"768\" \/>\n\t<meta property=\"og:image:type\" content=\"image\/jpeg\" \/>\n<meta name=\"twitter:card\" content=\"summary_large_image\" \/>\n<meta name=\"twitter:label1\" content=\"Estimation du temps de lecture\" \/>\n\t<meta name=\"twitter:data1\" content=\"1 minute\" \/>\n<script type=\"application\/ld+json\" class=\"yoast-schema-graph\">{\"@context\":\"https:\/\/schema.org\",\"@graph\":[{\"@type\":\"WebPage\",\"@id\":\"https:\/\/www.braintumour.ca\/fr\/evenements\/concert-de-musique-avec-la-chanteuse-et-musicienne-acadienne-nathalie-renault\/\",\"url\":\"https:\/\/www.braintumour.ca\/fr\/evenements\/concert-de-musique-avec-la-chanteuse-et-musicienne-acadienne-nathalie-renault\/\",\"name\":\"Concert de musique avec la chanteuse et musicienne acadienne Nathalie Renault - Fondation canadienne des tumeurs c\u00e9r\u00e9brales\",\"isPartOf\":{\"@id\":\"https:\/\/www.braintumour.ca\/fr\/#website\"},\"primaryImageOfPage\":{\"@id\":\"https:\/\/www.braintumour.ca\/fr\/evenements\/concert-de-musique-avec-la-chanteuse-et-musicienne-acadienne-nathalie-renault\/#primaryimage\"},\"image\":{\"@id\":\"https:\/\/www.braintumour.ca\/fr\/evenements\/concert-de-musique-avec-la-chanteuse-et-musicienne-acadienne-nathalie-renault\/#primaryimage\"},\"thumbnailUrl\":\"https:\/\/www.braintumour.ca\/wp-content\/uploads\/2020\/05\/Pochette-avant-sans-lettrage-bon.jpg\",\"datePublished\":\"2020-05-05T18:54:55+00:00\",\"dateModified\":\"2020-05-20T20:17:31+00:00\",\"breadcrumb\":{\"@id\":\"https:\/\/www.braintumour.ca\/fr\/evenements\/concert-de-musique-avec-la-chanteuse-et-musicienne-acadienne-nathalie-renault\/#breadcrumb\"},\"inLanguage\":\"fr-CA\",\"potentialAction\":[{\"@type\":\"ReadAction\",\"target\":[\"https:\/\/www.braintumour.ca\/fr\/evenements\/concert-de-musique-avec-la-chanteuse-et-musicienne-acadienne-nathalie-renault\/\"]}]},{\"@type\":\"ImageObject\",\"inLanguage\":\"fr-CA\",\"@id\":\"https:\/\/www.braintumour.ca\/fr\/evenements\/concert-de-musique-avec-la-chanteuse-et-musicienne-acadienne-nathalie-renault\/#primaryimage\",\"url\":\"https:\/\/www.braintumour.ca\/wp-content\/uploads\/2020\/05\/Pochette-avant-sans-lettrage-bon.jpg\",\"contentUrl\":\"https:\/\/www.braintumour.ca\/wp-content\/uploads\/2020\/05\/Pochette-avant-sans-lettrage-bon.jpg\",\"width\":768,\"height\":768},{\"@type\":\"BreadcrumbList\",\"@id\":\"https:\/\/www.braintumour.ca\/fr\/evenements\/concert-de-musique-avec-la-chanteuse-et-musicienne-acadienne-nathalie-renault\/#breadcrumb\",\"itemListElement\":[{\"@type\":\"ListItem\",\"position\":1,\"name\":\"Home\",\"item\":\"https:\/\/www.braintumour.ca\/fr\/\"},{\"@type\":\"ListItem\",\"position\":2,\"name\":\"Events\",\"item\":\"https:\/\/www.braintumour.ca\/fr\/evenements\/\"},{\"@type\":\"ListItem\",\"position\":3,\"name\":\"Concert de musique avec la chanteuse et musicienne acadienne Nathalie Renault\"}]},{\"@type\":\"WebSite\",\"@id\":\"https:\/\/www.braintumour.ca\/fr\/#website\",\"url\":\"https:\/\/www.braintumour.ca\/fr\/\",\"name\":\"Fondation canadienne des tumeurs c\u00e9r\u00e9brales\",\"description\":\"Notre mission est de venir en aide \u00e0 toutes les personnes touch\u00e9es par une tumeur c\u00e9r\u00e9brale au Canada par le biais de nos programmes d\u2019information, de soutien, d\u2019\u00e9ducation et de recherche.\",\"potentialAction\":[{\"@type\":\"SearchAction\",\"target\":{\"@type\":\"EntryPoint\",\"urlTemplate\":\"https:\/\/www.braintumour.ca\/fr\/?s={search_term_string}\"},\"query-input\":{\"@type\":\"PropertyValueSpecification\",\"valueRequired\":true,\"valueName\":\"search_term_string\"}}],\"inLanguage\":\"fr-CA\"}]}<\/script>\n<!-- \/ Yoast SEO Premium plugin. -->","yoast_head_json":{"title":"Concert de musique avec la chanteuse et musicienne acadienne Nathalie Renault - Fondation canadienne des tumeurs c\u00e9r\u00e9brales","robots":{"index":"index","follow":"follow","max-snippet":"max-snippet:-1","max-image-preview":"max-image-preview:large","max-video-preview":"max-video-preview:-1"},"canonical":"https:\/\/www.braintumour.ca\/fr\/evenements\/concert-de-musique-avec-la-chanteuse-et-musicienne-acadienne-nathalie-renault\/","og_locale":"fr_CA","og_type":"article","og_title":"Concert de musique avec la chanteuse et musicienne acadienne Nathalie Renault","og_description":"Joignez-vous \u00e0 nous d\u00e8s 18h HNE ce soir pour un concert en direct de l\u2019auteur-compositrice-interpr\u00e8te acadienne Nathalie Renault, alors qu\u2019elle [&hellip;]","og_url":"https:\/\/www.braintumour.ca\/fr\/evenements\/concert-de-musique-avec-la-chanteuse-et-musicienne-acadienne-nathalie-renault\/","og_site_name":"Fondation canadienne des tumeurs c\u00e9r\u00e9brales","article_modified_time":"2020-05-20T20:17:31+00:00","og_image":[{"width":768,"height":768,"url":"https:\/\/www.braintumour.ca\/wp-content\/uploads\/2020\/05\/Pochette-avant-sans-lettrage-bon.jpg","type":"image\/jpeg"}],"twitter_card":"summary_large_image","twitter_misc":{"Estimation du temps de lecture":"1 minute"},"schema":{"@context":"https:\/\/schema.org","@graph":[{"@type":"WebPage","@id":"https:\/\/www.braintumour.ca\/fr\/evenements\/concert-de-musique-avec-la-chanteuse-et-musicienne-acadienne-nathalie-renault\/","url":"https:\/\/www.braintumour.ca\/fr\/evenements\/concert-de-musique-avec-la-chanteuse-et-musicienne-acadienne-nathalie-renault\/","name":"Concert de musique avec la chanteuse et musicienne acadienne Nathalie Renault - Fondation canadienne des tumeurs c\u00e9r\u00e9brales","isPartOf":{"@id":"https:\/\/www.braintumour.ca\/fr\/#website"},"primaryImageOfPage":{"@id":"https:\/\/www.braintumour.ca\/fr\/evenements\/concert-de-musique-avec-la-chanteuse-et-musicienne-acadienne-nathalie-renault\/#primaryimage"},"image":{"@id":"https:\/\/www.braintumour.ca\/fr\/evenements\/concert-de-musique-avec-la-chanteuse-et-musicienne-acadienne-nathalie-renault\/#primaryimage"},"thumbnailUrl":"https:\/\/www.braintumour.ca\/wp-content\/uploads\/2020\/05\/Pochette-avant-sans-lettrage-bon.jpg","datePublished":"2020-05-05T18:54:55+00:00","dateModified":"2020-05-20T20:17:31+00:00","breadcrumb":{"@id":"https:\/\/www.braintumour.ca\/fr\/evenements\/concert-de-musique-avec-la-chanteuse-et-musicienne-acadienne-nathalie-renault\/#breadcrumb"},"inLanguage":"fr-CA","potentialAction":[{"@type":"ReadAction","target":["https:\/\/www.braintumour.ca\/fr\/evenements\/concert-de-musique-avec-la-chanteuse-et-musicienne-acadienne-nathalie-renault\/"]}]},{"@type":"ImageObject","inLanguage":"fr-CA","@id":"https:\/\/www.braintumour.ca\/fr\/evenements\/concert-de-musique-avec-la-chanteuse-et-musicienne-acadienne-nathalie-renault\/#primaryimage","url":"https:\/\/www.braintumour.ca\/wp-content\/uploads\/2020\/05\/Pochette-avant-sans-lettrage-bon.jpg","contentUrl":"https:\/\/www.braintumour.ca\/wp-content\/uploads\/2020\/05\/Pochette-avant-sans-lettrage-bon.jpg","width":768,"height":768},{"@type":"BreadcrumbList","@id":"https:\/\/www.braintumour.ca\/fr\/evenements\/concert-de-musique-avec-la-chanteuse-et-musicienne-acadienne-nathalie-renault\/#breadcrumb","itemListElement":[{"@type":"ListItem","position":1,"name":"Home","item":"https:\/\/www.braintumour.ca\/fr\/"},{"@type":"ListItem","position":2,"name":"Events","item":"https:\/\/www.braintumour.ca\/fr\/evenements\/"},{"@type":"ListItem","position":3,"name":"Concert de musique avec la chanteuse et musicienne acadienne Nathalie Renault"}]},{"@type":"WebSite","@id":"https:\/\/www.braintumour.ca\/fr\/#website","url":"https:\/\/www.braintumour.ca\/fr\/","name":"Fondation canadienne des tumeurs c\u00e9r\u00e9brales","description":"Notre mission est de venir en aide \u00e0 toutes les personnes touch\u00e9es par une tumeur c\u00e9r\u00e9brale au Canada par le biais de nos programmes d\u2019information, de soutien, d\u2019\u00e9ducation et de recherche.","potentialAction":[{"@type":"SearchAction","target":{"@type":"EntryPoint","urlTemplate":"https:\/\/www.braintumour.ca\/fr\/?s={search_term_string}"},"query-input":{"@type":"PropertyValueSpecification","valueRequired":true,"valueName":"search_term_string"}}],"inLanguage":"fr-CA"}]}},"_links":{"self":[{"href":"https:\/\/www.braintumour.ca\/fr\/wp-json\/wp\/v2\/events\/4618","targetHints":{"allow":["GET"]}}],"collection":[{"href":"https:\/\/www.braintumour.ca\/fr\/wp-json\/wp\/v2\/events"}],"about":[{"href":"https:\/\/www.braintumour.ca\/fr\/wp-json\/wp\/v2\/types\/events"}],"author":[{"embeddable":true,"href":"https:\/\/www.braintumour.ca\/fr\/wp-json\/wp\/v2\/users\/6"}],"version-history":[{"count":0,"href":"https:\/\/www.braintumour.ca\/fr\/wp-json\/wp\/v2\/events\/4618\/revisions"}],"wp:featuredmedia":[{"embeddable":true,"href":"https:\/\/www.braintumour.ca\/fr\/wp-json\/wp\/v2\/media\/4617"}],"wp:attachment":[{"href":"https:\/\/www.braintumour.ca\/fr\/wp-json\/wp\/v2\/media?parent=4618"}],"wp:term":[{"taxonomy":"event_type","embeddable":true,"href":"https:\/\/www.braintumour.ca\/fr\/wp-json\/wp\/v2\/event_type?post=4618"},{"taxonomy":"locations","embeddable":true,"href":"https:\/\/www.braintumour.ca\/fr\/wp-json\/wp\/v2\/locations?post=4618"}],"curies":[{"name":"wp","href":"https:\/\/api.w.org\/{rel}","templated":true}]}}