{"id":4647,"date":"2020-05-12T15:30:56","date_gmt":"2020-05-12T19:30:56","guid":{"rendered":"https:\/\/www.braintumour.ca\/events\/supportathome-concert-series-darren-powers\/"},"modified":"2020-05-12T16:06:58","modified_gmt":"2020-05-12T20:06:58","slug":"serie-de-concerts-soutienalamaison-darren-powers","status":"publish","type":"events","link":"https:\/\/www.braintumour.ca\/fr\/evenements\/serie-de-concerts-soutienalamaison-darren-powers\/","title":{"rendered":"S\u00e9rie de concerts #Soutien\u00e0lamaison &#8211; Darren Powers"},"content":{"rendered":"<p style=\"text-align: left;\"><img loading=\"lazy\" decoding=\"async\" class=\"size-medium wp-image-4644 alignright\" src=\"https:\/\/www.braintumour.ca\/wp-content\/uploads\/2020\/05\/darren-powers-300x293.jpg\" alt=\"darren powers\" width=\"300\" height=\"293\" srcset=\"https:\/\/www.braintumour.ca\/wp-content\/uploads\/2020\/05\/darren-powers-300x293.jpg 300w, https:\/\/www.braintumour.ca\/wp-content\/uploads\/2020\/05\/darren-powers-1024x1000.jpg 1024w, https:\/\/www.braintumour.ca\/wp-content\/uploads\/2020\/05\/darren-powers-768x750.jpg 768w, https:\/\/www.braintumour.ca\/wp-content\/uploads\/2020\/05\/darren-powers-640x625.jpg 640w, https:\/\/www.braintumour.ca\/wp-content\/uploads\/2020\/05\/darren-powers.jpg 1066w\" sizes=\"auto, (max-width: 639px) 98vw, (max-width: 1199px) 64vw, 300px\" \/>Joignez-vous \u00e0 nous le <strong>mardi 19 mai \u00e0 15h HNE<\/strong> pour un concert <strong>#Soutien\u00e0lamaison<\/strong> avec le chanteur \/ compositeur Darren Powers. Il s&rsquo;agit du 4e concert de notre s\u00e9rie de spectacles \u00e0 domicile et sera diffus\u00e9 en direct sur la <strong>page Facebook de Darren<\/strong>: <a href=\"https:\/\/www.facebook.com\/darrenpowersmusic\/\">www.facebook.com\/darrenpowersmusic<\/a><\/p>\n<p><strong>\u00c0 propos de l&rsquo;artiste:<\/strong><br \/>\nDarren compte pr\u00e8s de 20 ans d&rsquo;exp\u00e9rience comme chanteur\/compositeur dans sa r\u00e9gion natale du Sud de l&rsquo;Ontario. Sa musique, fond\u00e9e sur la v\u00e9rit\u00e9 et le r\u00e9alisme,explore des histoires de perte et de r\u00e9demption avec une sensibilit\u00e9 brute. 2020 marque le d\u00e9but de la sortie du premier album de Darren &#8211; False Bravado &#8211; enregistr\u00e9 aux studios Quiet Earth avec l&rsquo;aide de musiciens et producteurs canadiens de renom. L&rsquo;album sera officiellement lanc\u00e9 le samedi 30 mai 2020 \u00e0 Quiet Earth accompagn\u00e9 d&rsquo;une exp\u00e9rience de concert immersive sp\u00e9ciale comprenant une performance multim\u00e9dia en direct.<\/p>\n<p><a href=\"https:\/\/www.darrenpowersmusic.com\/\">https:\/\/www.darrenpowersmusic.com\/<\/a><\/p>\n<p>&nbsp;<\/p>\n<p><iframe loading=\"lazy\" title=\"Darren Powers Mixes by Sugar Shack Recording\" width=\"500\" height=\"450\" scrolling=\"no\" frameborder=\"no\" src=\"https:\/\/w.soundcloud.com\/player\/?visual=true&#038;url=https%3A%2F%2Fapi.soundcloud.com%2Fplaylists%2F943401829&#038;show_artwork=true&#038;maxheight=750&#038;maxwidth=500&#038;secret_token=s-tDWyL\"><\/iframe><\/p>\n","protected":false},"excerpt":{"rendered":"<p>Joignez-vous \u00e0 nous le mardi 19 mai \u00e0 15h HNE pour un concert #Soutien\u00e0lamaison avec le chanteur \/ compositeur Darren [&hellip;]<\/p>\n","protected":false},"author":6,"featured_media":4643,"parent":0,"template":"","event_type":[158],"locations":[193,242,159,194,272,160,195,273,161,196,274,162,197,275,182,198,276,183,199,277,184,200,278,185,201,279,186,202,187,203,188,204,189,205,190,206,191,207,192,208],"class_list":["post-4647","events","type-events","status-publish","has-post-thumbnail","hentry","event_type-support-groups-fr","locations-niagara-on-fr","locations-saint-isodore-qc-fr","locations-sudbury-fr","locations-north-bay-fr","locations-barrie-on-fr","locations-montreal","locations-ottawa-fr","locations-kingston-on-fr","locations-canada-wide-fr","locations-sarnia-on-fr","locations-sault-ste-marie-on-fr","locations-moncton-nb-fr","locations-saskatoon-fr","locations-burlington-on-fr","locations-ajax-on-fr","locations-toronto-fr","locations-paradise-nl-fr","locations-hamilton-fr","locations-vancouver-fr","locations-banff-fr","locations-calgary-fr","locations-victoria-fr","locations-regina-sk-fr","locations-edmonton-fr","locations-whitehorse-fr","locations-richmond-bc-fr","locations-fredericton-fr","locations-yellowknife-fr","locations-guelph-fr","locations-winnipeg-fr","locations-halifax-fr","locations-brampton-fr","locations-kitchener-fr","locations-belleville-fr","locations-london-fr","locations-windsor-fr","locations-mississauga-fr","locations-quebec-city-fr","locations-new-glasgow-ns-fr","locations-st-johns-fr"],"acf":[],"yoast_head":"<!-- This site is optimized with the Yoast SEO Premium plugin v27.0 (Yoast SEO v27.0) - https:\/\/yoast.com\/product\/yoast-seo-premium-wordpress\/ -->\n<title>S\u00e9rie de concerts #Soutien\u00e0lamaison - Darren Powers - Fondation canadienne des tumeurs c\u00e9r\u00e9brales<\/title>\n<meta name=\"description\" content=\"Joignez-vous \u00e0 nous le mardi 19 mai \u00e0 15h HNE pour un concert #Soutien\u00e0lamaison avec le chanteur \/ compositeur Darren Powers.\" \/>\n<meta name=\"robots\" content=\"index, follow, max-snippet:-1, max-image-preview:large, max-video-preview:-1\" \/>\n<link rel=\"canonical\" href=\"https:\/\/www.braintumour.ca\/fr\/evenements\/serie-de-concerts-soutienalamaison-darren-powers\/\" \/>\n<meta property=\"og:locale\" content=\"fr_CA\" \/>\n<meta property=\"og:type\" content=\"article\" \/>\n<meta property=\"og:title\" content=\"S\u00e9rie de concerts #Soutien\u00e0lamaison - Darren Powers\" \/>\n<meta property=\"og:description\" content=\"Joignez-vous \u00e0 nous le mardi 19 mai \u00e0 15h HNE pour un concert #Soutien\u00e0lamaison avec le chanteur \/ compositeur Darren Powers.\" \/>\n<meta property=\"og:url\" content=\"https:\/\/www.braintumour.ca\/fr\/evenements\/serie-de-concerts-soutienalamaison-darren-powers\/\" \/>\n<meta property=\"og:site_name\" content=\"Fondation canadienne des tumeurs c\u00e9r\u00e9brales\" \/>\n<meta property=\"article:modified_time\" content=\"2020-05-12T20:06:58+00:00\" \/>\n<meta property=\"og:image\" content=\"https:\/\/www.braintumour.ca\/wp-content\/uploads\/2020\/05\/34631DB6-A10F-41A5-AA00-9417EE1D644E.jpg\" \/>\n\t<meta property=\"og:image:width\" content=\"1920\" \/>\n\t<meta property=\"og:image:height\" content=\"1080\" \/>\n\t<meta property=\"og:image:type\" content=\"image\/jpeg\" \/>\n<meta name=\"twitter:card\" content=\"summary_large_image\" \/>\n<meta name=\"twitter:label1\" content=\"Estimation du temps de lecture\" \/>\n\t<meta name=\"twitter:data1\" content=\"1 minute\" \/>\n<script type=\"application\/ld+json\" class=\"yoast-schema-graph\">{\"@context\":\"https:\/\/schema.org\",\"@graph\":[{\"@type\":\"WebPage\",\"@id\":\"https:\/\/www.braintumour.ca\/fr\/evenements\/serie-de-concerts-soutienalamaison-darren-powers\/\",\"url\":\"https:\/\/www.braintumour.ca\/fr\/evenements\/serie-de-concerts-soutienalamaison-darren-powers\/\",\"name\":\"S\u00e9rie de concerts #Soutien\u00e0lamaison - Darren Powers - Fondation canadienne des tumeurs c\u00e9r\u00e9brales\",\"isPartOf\":{\"@id\":\"https:\/\/www.braintumour.ca\/fr\/#website\"},\"primaryImageOfPage\":{\"@id\":\"https:\/\/www.braintumour.ca\/fr\/evenements\/serie-de-concerts-soutienalamaison-darren-powers\/#primaryimage\"},\"image\":{\"@id\":\"https:\/\/www.braintumour.ca\/fr\/evenements\/serie-de-concerts-soutienalamaison-darren-powers\/#primaryimage\"},\"thumbnailUrl\":\"https:\/\/www.braintumour.ca\/wp-content\/uploads\/2020\/05\/34631DB6-A10F-41A5-AA00-9417EE1D644E.jpg\",\"datePublished\":\"2020-05-12T19:30:56+00:00\",\"dateModified\":\"2020-05-12T20:06:58+00:00\",\"description\":\"Joignez-vous \u00e0 nous le mardi 19 mai \u00e0 15h HNE pour un concert #Soutien\u00e0lamaison avec le chanteur \/ compositeur Darren Powers.\",\"breadcrumb\":{\"@id\":\"https:\/\/www.braintumour.ca\/fr\/evenements\/serie-de-concerts-soutienalamaison-darren-powers\/#breadcrumb\"},\"inLanguage\":\"fr-CA\",\"potentialAction\":[{\"@type\":\"ReadAction\",\"target\":[\"https:\/\/www.braintumour.ca\/fr\/evenements\/serie-de-concerts-soutienalamaison-darren-powers\/\"]}]},{\"@type\":\"ImageObject\",\"inLanguage\":\"fr-CA\",\"@id\":\"https:\/\/www.braintumour.ca\/fr\/evenements\/serie-de-concerts-soutienalamaison-darren-powers\/#primaryimage\",\"url\":\"https:\/\/www.braintumour.ca\/wp-content\/uploads\/2020\/05\/34631DB6-A10F-41A5-AA00-9417EE1D644E.jpg\",\"contentUrl\":\"https:\/\/www.braintumour.ca\/wp-content\/uploads\/2020\/05\/34631DB6-A10F-41A5-AA00-9417EE1D644E.jpg\",\"width\":1920,\"height\":1080,\"caption\":\"Darren Powers\"},{\"@type\":\"BreadcrumbList\",\"@id\":\"https:\/\/www.braintumour.ca\/fr\/evenements\/serie-de-concerts-soutienalamaison-darren-powers\/#breadcrumb\",\"itemListElement\":[{\"@type\":\"ListItem\",\"position\":1,\"name\":\"Home\",\"item\":\"https:\/\/www.braintumour.ca\/fr\/\"},{\"@type\":\"ListItem\",\"position\":2,\"name\":\"Events\",\"item\":\"https:\/\/www.braintumour.ca\/fr\/evenements\/\"},{\"@type\":\"ListItem\",\"position\":3,\"name\":\"S\u00e9rie de concerts #Soutien\u00e0lamaison &#8211; Darren Powers\"}]},{\"@type\":\"WebSite\",\"@id\":\"https:\/\/www.braintumour.ca\/fr\/#website\",\"url\":\"https:\/\/www.braintumour.ca\/fr\/\",\"name\":\"Fondation canadienne des tumeurs c\u00e9r\u00e9brales\",\"description\":\"Notre mission est de venir en aide \u00e0 toutes les personnes touch\u00e9es par une tumeur c\u00e9r\u00e9brale au Canada par le biais de nos programmes d\u2019information, de soutien, d\u2019\u00e9ducation et de recherche.\",\"potentialAction\":[{\"@type\":\"SearchAction\",\"target\":{\"@type\":\"EntryPoint\",\"urlTemplate\":\"https:\/\/www.braintumour.ca\/fr\/?s={search_term_string}\"},\"query-input\":{\"@type\":\"PropertyValueSpecification\",\"valueRequired\":true,\"valueName\":\"search_term_string\"}}],\"inLanguage\":\"fr-CA\"}]}<\/script>\n<!-- \/ Yoast SEO Premium plugin. -->","yoast_head_json":{"title":"S\u00e9rie de concerts #Soutien\u00e0lamaison - Darren Powers - Fondation canadienne des tumeurs c\u00e9r\u00e9brales","description":"Joignez-vous \u00e0 nous le mardi 19 mai \u00e0 15h HNE pour un concert #Soutien\u00e0lamaison avec le chanteur \/ compositeur Darren Powers.","robots":{"index":"index","follow":"follow","max-snippet":"max-snippet:-1","max-image-preview":"max-image-preview:large","max-video-preview":"max-video-preview:-1"},"canonical":"https:\/\/www.braintumour.ca\/fr\/evenements\/serie-de-concerts-soutienalamaison-darren-powers\/","og_locale":"fr_CA","og_type":"article","og_title":"S\u00e9rie de concerts #Soutien\u00e0lamaison - Darren Powers","og_description":"Joignez-vous \u00e0 nous le mardi 19 mai \u00e0 15h HNE pour un concert #Soutien\u00e0lamaison avec le chanteur \/ compositeur Darren Powers.","og_url":"https:\/\/www.braintumour.ca\/fr\/evenements\/serie-de-concerts-soutienalamaison-darren-powers\/","og_site_name":"Fondation canadienne des tumeurs c\u00e9r\u00e9brales","article_modified_time":"2020-05-12T20:06:58+00:00","og_image":[{"width":1920,"height":1080,"url":"https:\/\/www.braintumour.ca\/wp-content\/uploads\/2020\/05\/34631DB6-A10F-41A5-AA00-9417EE1D644E.jpg","type":"image\/jpeg"}],"twitter_card":"summary_large_image","twitter_misc":{"Estimation du temps de lecture":"1 minute"},"schema":{"@context":"https:\/\/schema.org","@graph":[{"@type":"WebPage","@id":"https:\/\/www.braintumour.ca\/fr\/evenements\/serie-de-concerts-soutienalamaison-darren-powers\/","url":"https:\/\/www.braintumour.ca\/fr\/evenements\/serie-de-concerts-soutienalamaison-darren-powers\/","name":"S\u00e9rie de concerts #Soutien\u00e0lamaison - Darren Powers - Fondation canadienne des tumeurs c\u00e9r\u00e9brales","isPartOf":{"@id":"https:\/\/www.braintumour.ca\/fr\/#website"},"primaryImageOfPage":{"@id":"https:\/\/www.braintumour.ca\/fr\/evenements\/serie-de-concerts-soutienalamaison-darren-powers\/#primaryimage"},"image":{"@id":"https:\/\/www.braintumour.ca\/fr\/evenements\/serie-de-concerts-soutienalamaison-darren-powers\/#primaryimage"},"thumbnailUrl":"https:\/\/www.braintumour.ca\/wp-content\/uploads\/2020\/05\/34631DB6-A10F-41A5-AA00-9417EE1D644E.jpg","datePublished":"2020-05-12T19:30:56+00:00","dateModified":"2020-05-12T20:06:58+00:00","description":"Joignez-vous \u00e0 nous le mardi 19 mai \u00e0 15h HNE pour un concert #Soutien\u00e0lamaison avec le chanteur \/ compositeur Darren Powers.","breadcrumb":{"@id":"https:\/\/www.braintumour.ca\/fr\/evenements\/serie-de-concerts-soutienalamaison-darren-powers\/#breadcrumb"},"inLanguage":"fr-CA","potentialAction":[{"@type":"ReadAction","target":["https:\/\/www.braintumour.ca\/fr\/evenements\/serie-de-concerts-soutienalamaison-darren-powers\/"]}]},{"@type":"ImageObject","inLanguage":"fr-CA","@id":"https:\/\/www.braintumour.ca\/fr\/evenements\/serie-de-concerts-soutienalamaison-darren-powers\/#primaryimage","url":"https:\/\/www.braintumour.ca\/wp-content\/uploads\/2020\/05\/34631DB6-A10F-41A5-AA00-9417EE1D644E.jpg","contentUrl":"https:\/\/www.braintumour.ca\/wp-content\/uploads\/2020\/05\/34631DB6-A10F-41A5-AA00-9417EE1D644E.jpg","width":1920,"height":1080,"caption":"Darren Powers"},{"@type":"BreadcrumbList","@id":"https:\/\/www.braintumour.ca\/fr\/evenements\/serie-de-concerts-soutienalamaison-darren-powers\/#breadcrumb","itemListElement":[{"@type":"ListItem","position":1,"name":"Home","item":"https:\/\/www.braintumour.ca\/fr\/"},{"@type":"ListItem","position":2,"name":"Events","item":"https:\/\/www.braintumour.ca\/fr\/evenements\/"},{"@type":"ListItem","position":3,"name":"S\u00e9rie de concerts #Soutien\u00e0lamaison &#8211; Darren Powers"}]},{"@type":"WebSite","@id":"https:\/\/www.braintumour.ca\/fr\/#website","url":"https:\/\/www.braintumour.ca\/fr\/","name":"Fondation canadienne des tumeurs c\u00e9r\u00e9brales","description":"Notre mission est de venir en aide \u00e0 toutes les personnes touch\u00e9es par une tumeur c\u00e9r\u00e9brale au Canada par le biais de nos programmes d\u2019information, de soutien, d\u2019\u00e9ducation et de recherche.","potentialAction":[{"@type":"SearchAction","target":{"@type":"EntryPoint","urlTemplate":"https:\/\/www.braintumour.ca\/fr\/?s={search_term_string}"},"query-input":{"@type":"PropertyValueSpecification","valueRequired":true,"valueName":"search_term_string"}}],"inLanguage":"fr-CA"}]}},"_links":{"self":[{"href":"https:\/\/www.braintumour.ca\/fr\/wp-json\/wp\/v2\/events\/4647","targetHints":{"allow":["GET"]}}],"collection":[{"href":"https:\/\/www.braintumour.ca\/fr\/wp-json\/wp\/v2\/events"}],"about":[{"href":"https:\/\/www.braintumour.ca\/fr\/wp-json\/wp\/v2\/types\/events"}],"author":[{"embeddable":true,"href":"https:\/\/www.braintumour.ca\/fr\/wp-json\/wp\/v2\/users\/6"}],"version-history":[{"count":0,"href":"https:\/\/www.braintumour.ca\/fr\/wp-json\/wp\/v2\/events\/4647\/revisions"}],"wp:featuredmedia":[{"embeddable":true,"href":"https:\/\/www.braintumour.ca\/fr\/wp-json\/wp\/v2\/media\/4643"}],"wp:attachment":[{"href":"https:\/\/www.braintumour.ca\/fr\/wp-json\/wp\/v2\/media?parent=4647"}],"wp:term":[{"taxonomy":"event_type","embeddable":true,"href":"https:\/\/www.braintumour.ca\/fr\/wp-json\/wp\/v2\/event_type?post=4647"},{"taxonomy":"locations","embeddable":true,"href":"https:\/\/www.braintumour.ca\/fr\/wp-json\/wp\/v2\/locations?post=4647"}],"curies":[{"name":"wp","href":"https:\/\/api.w.org\/{rel}","templated":true}]}}