{"id":12918,"date":"2019-08-26T11:42:18","date_gmt":"2019-08-26T15:42:18","guid":{"rendered":"https:\/\/www.braintumour.ca\/brain-tumour-walk\/"},"modified":"2026-04-22T11:15:29","modified_gmt":"2026-04-22T15:15:29","slug":"brain-tumour-walk","status":"publish","type":"page","link":"https:\/\/www.braintumour.ca\/fr\/brain-tumour-walk\/","title":{"rendered":"Marche des tumeurs c\u00e9r\u00e9brales 2026"},"content":{"rendered":"","protected":false},"excerpt":{"rendered":"","protected":false},"author":4,"featured_media":14936,"parent":0,"menu_order":138,"comment_status":"closed","ping_status":"closed","template":"","meta":{"_acf_changed":false,"footnotes":""},"user_type":[133,132,136],"class_list":["post-12918","page","type-page","status-publish","has-post-thumbnail","hentry","user_type-patient-fr","user_type-proche-aidant","user_type-donateur"],"acf":[],"yoast_head":"<!-- This site is optimized with the Yoast SEO Premium plugin v27.0 (Yoast SEO v27.0) - https:\/\/yoast.com\/product\/yoast-seo-premium-wordpress\/ -->\n<title>Marche des tumeurs c\u00e9r\u00e9brales 2026 - Fondation canadienne des tumeurs c\u00e9r\u00e9brales<\/title>\n<meta name=\"description\" content=\"Votre g\u00e9n\u00e9rosit\u00e9 finance la recherche, les programmes de soutien, l&#039;information, la d\u00e9fense des droits, la sensibilisation et l&#039;ESPOIR pour la communaut\u00e9 des tumeurs c\u00e9r\u00e9brales.\" \/>\n<meta name=\"robots\" content=\"index, follow, max-snippet:-1, max-image-preview:large, max-video-preview:-1\" \/>\n<link rel=\"canonical\" href=\"https:\/\/www.braintumour.ca\/fr\/brain-tumour-walk\/\" \/>\n<meta property=\"og:locale\" content=\"fr_CA\" \/>\n<meta property=\"og:type\" content=\"article\" \/>\n<meta property=\"og:title\" content=\"Marche des tumeurs c\u00e9r\u00e9brales 2026\" \/>\n<meta property=\"og:description\" content=\"Votre g\u00e9n\u00e9rosit\u00e9 finance la recherche, les programmes de soutien, l&#039;information, la d\u00e9fense des droits, la sensibilisation et l&#039;ESPOIR pour la communaut\u00e9 des tumeurs c\u00e9r\u00e9brales.\" \/>\n<meta property=\"og:url\" content=\"https:\/\/www.braintumour.ca\/fr\/brain-tumour-walk\/\" \/>\n<meta property=\"og:site_name\" content=\"Fondation canadienne des tumeurs c\u00e9r\u00e9brales\" \/>\n<meta property=\"article:modified_time\" content=\"2026-04-22T15:15:29+00:00\" \/>\n<meta property=\"og:image\" content=\"https:\/\/www.braintumour.ca\/wp-content\/uploads\/2026\/01\/Website-banner-1024x427.png\" \/>\n\t<meta property=\"og:image:width\" content=\"1024\" \/>\n\t<meta property=\"og:image:height\" content=\"427\" \/>\n\t<meta property=\"og:image:type\" content=\"image\/png\" \/>\n<meta name=\"twitter:card\" content=\"summary_large_image\" \/>\n<meta name=\"twitter:label1\" content=\"Estimation du temps de lecture\" \/>\n\t<meta name=\"twitter:data1\" content=\"2 minutes\" \/>\n<script type=\"application\/ld+json\" class=\"yoast-schema-graph\">{\"@context\":\"https:\/\/schema.org\",\"@graph\":[{\"@type\":\"WebPage\",\"@id\":\"https:\/\/www.braintumour.ca\/fr\/brain-tumour-walk\/\",\"url\":\"https:\/\/www.braintumour.ca\/fr\/brain-tumour-walk\/\",\"name\":\"Marche des tumeurs c\u00e9r\u00e9brales 2026 - Fondation canadienne des tumeurs c\u00e9r\u00e9brales\",\"isPartOf\":{\"@id\":\"https:\/\/www.braintumour.ca\/fr\/#website\"},\"primaryImageOfPage\":{\"@id\":\"https:\/\/www.braintumour.ca\/fr\/brain-tumour-walk\/#primaryimage\"},\"image\":{\"@id\":\"https:\/\/www.braintumour.ca\/fr\/brain-tumour-walk\/#primaryimage\"},\"thumbnailUrl\":\"https:\/\/www.braintumour.ca\/wp-content\/uploads\/2026\/01\/Website-banner.png\",\"datePublished\":\"2019-08-26T15:42:18+00:00\",\"dateModified\":\"2026-04-22T15:15:29+00:00\",\"description\":\"Votre g\u00e9n\u00e9rosit\u00e9 finance la recherche, les programmes de soutien, l'information, la d\u00e9fense des droits, la sensibilisation et l'ESPOIR pour la communaut\u00e9 des tumeurs c\u00e9r\u00e9brales.\",\"breadcrumb\":{\"@id\":\"https:\/\/www.braintumour.ca\/fr\/brain-tumour-walk\/#breadcrumb\"},\"inLanguage\":\"fr-CA\",\"potentialAction\":[{\"@type\":\"ReadAction\",\"target\":[\"https:\/\/www.braintumour.ca\/fr\/brain-tumour-walk\/\"]}]},{\"@type\":\"ImageObject\",\"inLanguage\":\"fr-CA\",\"@id\":\"https:\/\/www.braintumour.ca\/fr\/brain-tumour-walk\/#primaryimage\",\"url\":\"https:\/\/www.braintumour.ca\/wp-content\/uploads\/2026\/01\/Website-banner.png\",\"contentUrl\":\"https:\/\/www.braintumour.ca\/wp-content\/uploads\/2026\/01\/Website-banner.png\",\"width\":1440,\"height\":600},{\"@type\":\"BreadcrumbList\",\"@id\":\"https:\/\/www.braintumour.ca\/fr\/brain-tumour-walk\/#breadcrumb\",\"itemListElement\":[{\"@type\":\"ListItem\",\"position\":1,\"name\":\"Home\",\"item\":\"https:\/\/www.braintumour.ca\/fr\/\"},{\"@type\":\"ListItem\",\"position\":2,\"name\":\"Marche des tumeurs c\u00e9r\u00e9brales 2026\"}]},{\"@type\":\"WebSite\",\"@id\":\"https:\/\/www.braintumour.ca\/fr\/#website\",\"url\":\"https:\/\/www.braintumour.ca\/fr\/\",\"name\":\"Fondation canadienne des tumeurs c\u00e9r\u00e9brales\",\"description\":\"Notre mission est de venir en aide \u00e0 toutes les personnes touch\u00e9es par une tumeur c\u00e9r\u00e9brale au Canada par le biais de nos programmes d\u2019information, de soutien, d\u2019\u00e9ducation et de recherche.\",\"potentialAction\":[{\"@type\":\"SearchAction\",\"target\":{\"@type\":\"EntryPoint\",\"urlTemplate\":\"https:\/\/www.braintumour.ca\/fr\/?s={search_term_string}\"},\"query-input\":{\"@type\":\"PropertyValueSpecification\",\"valueRequired\":true,\"valueName\":\"search_term_string\"}}],\"inLanguage\":\"fr-CA\"}]}<\/script>\n<!-- \/ Yoast SEO Premium plugin. -->","yoast_head_json":{"title":"Marche des tumeurs c\u00e9r\u00e9brales 2026 - Fondation canadienne des tumeurs c\u00e9r\u00e9brales","description":"Votre g\u00e9n\u00e9rosit\u00e9 finance la recherche, les programmes de soutien, l'information, la d\u00e9fense des droits, la sensibilisation et l'ESPOIR pour la communaut\u00e9 des tumeurs c\u00e9r\u00e9brales.","robots":{"index":"index","follow":"follow","max-snippet":"max-snippet:-1","max-image-preview":"max-image-preview:large","max-video-preview":"max-video-preview:-1"},"canonical":"https:\/\/www.braintumour.ca\/fr\/brain-tumour-walk\/","og_locale":"fr_CA","og_type":"article","og_title":"Marche des tumeurs c\u00e9r\u00e9brales 2026","og_description":"Votre g\u00e9n\u00e9rosit\u00e9 finance la recherche, les programmes de soutien, l'information, la d\u00e9fense des droits, la sensibilisation et l'ESPOIR pour la communaut\u00e9 des tumeurs c\u00e9r\u00e9brales.","og_url":"https:\/\/www.braintumour.ca\/fr\/brain-tumour-walk\/","og_site_name":"Fondation canadienne des tumeurs c\u00e9r\u00e9brales","article_modified_time":"2026-04-22T15:15:29+00:00","og_image":[{"width":1024,"height":427,"url":"https:\/\/www.braintumour.ca\/wp-content\/uploads\/2026\/01\/Website-banner-1024x427.png","type":"image\/png"}],"twitter_card":"summary_large_image","twitter_misc":{"Estimation du temps de lecture":"2 minutes"},"schema":{"@context":"https:\/\/schema.org","@graph":[{"@type":"WebPage","@id":"https:\/\/www.braintumour.ca\/fr\/brain-tumour-walk\/","url":"https:\/\/www.braintumour.ca\/fr\/brain-tumour-walk\/","name":"Marche des tumeurs c\u00e9r\u00e9brales 2026 - Fondation canadienne des tumeurs c\u00e9r\u00e9brales","isPartOf":{"@id":"https:\/\/www.braintumour.ca\/fr\/#website"},"primaryImageOfPage":{"@id":"https:\/\/www.braintumour.ca\/fr\/brain-tumour-walk\/#primaryimage"},"image":{"@id":"https:\/\/www.braintumour.ca\/fr\/brain-tumour-walk\/#primaryimage"},"thumbnailUrl":"https:\/\/www.braintumour.ca\/wp-content\/uploads\/2026\/01\/Website-banner.png","datePublished":"2019-08-26T15:42:18+00:00","dateModified":"2026-04-22T15:15:29+00:00","description":"Votre g\u00e9n\u00e9rosit\u00e9 finance la recherche, les programmes de soutien, l'information, la d\u00e9fense des droits, la sensibilisation et l'ESPOIR pour la communaut\u00e9 des tumeurs c\u00e9r\u00e9brales.","breadcrumb":{"@id":"https:\/\/www.braintumour.ca\/fr\/brain-tumour-walk\/#breadcrumb"},"inLanguage":"fr-CA","potentialAction":[{"@type":"ReadAction","target":["https:\/\/www.braintumour.ca\/fr\/brain-tumour-walk\/"]}]},{"@type":"ImageObject","inLanguage":"fr-CA","@id":"https:\/\/www.braintumour.ca\/fr\/brain-tumour-walk\/#primaryimage","url":"https:\/\/www.braintumour.ca\/wp-content\/uploads\/2026\/01\/Website-banner.png","contentUrl":"https:\/\/www.braintumour.ca\/wp-content\/uploads\/2026\/01\/Website-banner.png","width":1440,"height":600},{"@type":"BreadcrumbList","@id":"https:\/\/www.braintumour.ca\/fr\/brain-tumour-walk\/#breadcrumb","itemListElement":[{"@type":"ListItem","position":1,"name":"Home","item":"https:\/\/www.braintumour.ca\/fr\/"},{"@type":"ListItem","position":2,"name":"Marche des tumeurs c\u00e9r\u00e9brales 2026"}]},{"@type":"WebSite","@id":"https:\/\/www.braintumour.ca\/fr\/#website","url":"https:\/\/www.braintumour.ca\/fr\/","name":"Fondation canadienne des tumeurs c\u00e9r\u00e9brales","description":"Notre mission est de venir en aide \u00e0 toutes les personnes touch\u00e9es par une tumeur c\u00e9r\u00e9brale au Canada par le biais de nos programmes d\u2019information, de soutien, d\u2019\u00e9ducation et de recherche.","potentialAction":[{"@type":"SearchAction","target":{"@type":"EntryPoint","urlTemplate":"https:\/\/www.braintumour.ca\/fr\/?s={search_term_string}"},"query-input":{"@type":"PropertyValueSpecification","valueRequired":true,"valueName":"search_term_string"}}],"inLanguage":"fr-CA"}]}},"_links":{"self":[{"href":"https:\/\/www.braintumour.ca\/fr\/wp-json\/wp\/v2\/pages\/12918","targetHints":{"allow":["GET"]}}],"collection":[{"href":"https:\/\/www.braintumour.ca\/fr\/wp-json\/wp\/v2\/pages"}],"about":[{"href":"https:\/\/www.braintumour.ca\/fr\/wp-json\/wp\/v2\/types\/page"}],"author":[{"embeddable":true,"href":"https:\/\/www.braintumour.ca\/fr\/wp-json\/wp\/v2\/users\/4"}],"replies":[{"embeddable":true,"href":"https:\/\/www.braintumour.ca\/fr\/wp-json\/wp\/v2\/comments?post=12918"}],"version-history":[{"count":0,"href":"https:\/\/www.braintumour.ca\/fr\/wp-json\/wp\/v2\/pages\/12918\/revisions"}],"wp:featuredmedia":[{"embeddable":true,"href":"https:\/\/www.braintumour.ca\/fr\/wp-json\/wp\/v2\/media\/14936"}],"wp:attachment":[{"href":"https:\/\/www.braintumour.ca\/fr\/wp-json\/wp\/v2\/media?parent=12918"}],"wp:term":[{"taxonomy":"user_type","embeddable":true,"href":"https:\/\/www.braintumour.ca\/fr\/wp-json\/wp\/v2\/user_type?post=12918"}],"curies":[{"name":"wp","href":"https:\/\/api.w.org\/{rel}","templated":true}]}}