{"id":2604,"date":"2019-08-26T11:42:18","date_gmt":"2019-08-26T15:42:18","guid":{"rendered":"https:\/\/braintumour.ca\/get-involved\/brain-tumour-walk\/"},"modified":"2022-03-09T14:04:28","modified_gmt":"2022-03-09T19:04:28","slug":"marche-des-tumeurs-cerebrales","status":"publish","type":"page","link":"https:\/\/www.braintumour.ca\/fr\/marche-des-tumeurs-cerebrales\/","title":{"rendered":"Marche des tumeurs c\u00e9r\u00e9brales 2021"},"content":{"rendered":"<h5><strong>Votre g\u00e9n\u00e9rosit\u00e9 nous permet d\u2019amasser des fonds qui serviront \u00e0 la recherche, au soutien, \u00e0 l\u2019information, \u00e0 la sensibilisation et \u00e0 la d\u00e9fense des droits de toutes les personnes touch\u00e9es par une tumeur c\u00e9r\u00e9brale<\/strong><\/h5>\n","protected":false},"excerpt":{"rendered":"<p>Votre g\u00e9n\u00e9rosit\u00e9 nous permet d\u2019amasser des fonds qui serviront \u00e0 la recherche, au soutien, \u00e0 l\u2019information, \u00e0 la sensibilisation et [&hellip;]<\/p>\n","protected":false},"author":4,"featured_media":5126,"parent":0,"menu_order":141,"comment_status":"closed","ping_status":"closed","template":"","meta":{"_acf_changed":false,"footnotes":""},"user_type":[133,132,136],"class_list":["post-2604","page","type-page","status-publish","has-post-thumbnail","hentry","user_type-patient-fr","user_type-proche-aidant","user_type-donateur"],"acf":[],"yoast_head":"<!-- This site is optimized with the Yoast SEO Premium plugin v27.0 (Yoast SEO v27.0) - https:\/\/yoast.com\/product\/yoast-seo-premium-wordpress\/ -->\n<title>Marche des tumeurs c\u00e9r\u00e9brales 2021 - Fondation canadienne des tumeurs c\u00e9r\u00e9brales<\/title>\n<meta name=\"description\" content=\"Votre g\u00e9n\u00e9rosit\u00e9 nous permet d\u2019amasser des fonds qui serviront \u00e0 la recherche, au soutien, \u00e0 l\u2019information, \u00e0 la sensibilisation et \u00e0 la d\u00e9fense des droits de toutes les personnes touch\u00e9es par une tumeur c\u00e9r\u00e9brale.\" \/>\n<meta name=\"robots\" content=\"index, follow, max-snippet:-1, max-image-preview:large, max-video-preview:-1\" \/>\n<link rel=\"canonical\" href=\"https:\/\/www.braintumour.ca\/fr\/marche-des-tumeurs-cerebrales\/\" \/>\n<meta property=\"og:locale\" content=\"fr_CA\" \/>\n<meta property=\"og:type\" content=\"article\" \/>\n<meta property=\"og:title\" content=\"Marche des tumeurs c\u00e9r\u00e9brales 2021\" \/>\n<meta property=\"og:description\" content=\"Votre g\u00e9n\u00e9rosit\u00e9 nous permet d\u2019amasser des fonds qui serviront \u00e0 la recherche, au soutien, \u00e0 l\u2019information, \u00e0 la sensibilisation et \u00e0 la d\u00e9fense des droits de toutes les personnes touch\u00e9es par une tumeur c\u00e9r\u00e9brale.\" \/>\n<meta property=\"og:url\" content=\"https:\/\/www.braintumour.ca\/fr\/marche-des-tumeurs-cerebrales\/\" \/>\n<meta property=\"og:site_name\" content=\"Fondation canadienne des tumeurs c\u00e9r\u00e9brales\" \/>\n<meta property=\"article:modified_time\" content=\"2022-03-09T19:04:28+00:00\" \/>\n<meta property=\"og:image\" content=\"https:\/\/www.braintumour.ca\/wp-content\/uploads\/2020\/06\/VBTW-COLLAGEv2.jpg\" \/>\n\t<meta property=\"og:image:width\" content=\"1800\" \/>\n\t<meta property=\"og:image:height\" content=\"1200\" \/>\n\t<meta property=\"og:image:type\" content=\"image\/jpeg\" \/>\n<meta name=\"twitter:card\" content=\"summary_large_image\" \/>\n<script type=\"application\/ld+json\" class=\"yoast-schema-graph\">{\"@context\":\"https:\/\/schema.org\",\"@graph\":[{\"@type\":\"WebPage\",\"@id\":\"https:\/\/www.braintumour.ca\/fr\/marche-des-tumeurs-cerebrales\/\",\"url\":\"https:\/\/www.braintumour.ca\/fr\/marche-des-tumeurs-cerebrales\/\",\"name\":\"Marche des tumeurs c\u00e9r\u00e9brales 2021 - Fondation canadienne des tumeurs c\u00e9r\u00e9brales\",\"isPartOf\":{\"@id\":\"https:\/\/www.braintumour.ca\/fr\/#website\"},\"primaryImageOfPage\":{\"@id\":\"https:\/\/www.braintumour.ca\/fr\/marche-des-tumeurs-cerebrales\/#primaryimage\"},\"image\":{\"@id\":\"https:\/\/www.braintumour.ca\/fr\/marche-des-tumeurs-cerebrales\/#primaryimage\"},\"thumbnailUrl\":\"https:\/\/www.braintumour.ca\/wp-content\/uploads\/2020\/06\/VBTW-COLLAGEv2.jpg\",\"datePublished\":\"2019-08-26T15:42:18+00:00\",\"dateModified\":\"2022-03-09T19:04:28+00:00\",\"description\":\"Votre g\u00e9n\u00e9rosit\u00e9 nous permet d\u2019amasser des fonds qui serviront \u00e0 la recherche, au soutien, \u00e0 l\u2019information, \u00e0 la sensibilisation et \u00e0 la d\u00e9fense des droits de toutes les personnes touch\u00e9es par une tumeur c\u00e9r\u00e9brale.\",\"breadcrumb\":{\"@id\":\"https:\/\/www.braintumour.ca\/fr\/marche-des-tumeurs-cerebrales\/#breadcrumb\"},\"inLanguage\":\"fr-CA\",\"potentialAction\":[{\"@type\":\"ReadAction\",\"target\":[\"https:\/\/www.braintumour.ca\/fr\/marche-des-tumeurs-cerebrales\/\"]}]},{\"@type\":\"ImageObject\",\"inLanguage\":\"fr-CA\",\"@id\":\"https:\/\/www.braintumour.ca\/fr\/marche-des-tumeurs-cerebrales\/#primaryimage\",\"url\":\"https:\/\/www.braintumour.ca\/wp-content\/uploads\/2020\/06\/VBTW-COLLAGEv2.jpg\",\"contentUrl\":\"https:\/\/www.braintumour.ca\/wp-content\/uploads\/2020\/06\/VBTW-COLLAGEv2.jpg\",\"width\":1800,\"height\":1200},{\"@type\":\"BreadcrumbList\",\"@id\":\"https:\/\/www.braintumour.ca\/fr\/marche-des-tumeurs-cerebrales\/#breadcrumb\",\"itemListElement\":[{\"@type\":\"ListItem\",\"position\":1,\"name\":\"Home\",\"item\":\"https:\/\/www.braintumour.ca\/fr\/\"},{\"@type\":\"ListItem\",\"position\":2,\"name\":\"Marche des tumeurs c\u00e9r\u00e9brales 2021\"}]},{\"@type\":\"WebSite\",\"@id\":\"https:\/\/www.braintumour.ca\/fr\/#website\",\"url\":\"https:\/\/www.braintumour.ca\/fr\/\",\"name\":\"Fondation canadienne des tumeurs c\u00e9r\u00e9brales\",\"description\":\"Notre mission est de venir en aide \u00e0 toutes les personnes touch\u00e9es par une tumeur c\u00e9r\u00e9brale au Canada par le biais de nos programmes d\u2019information, de soutien, d\u2019\u00e9ducation et de recherche.\",\"potentialAction\":[{\"@type\":\"SearchAction\",\"target\":{\"@type\":\"EntryPoint\",\"urlTemplate\":\"https:\/\/www.braintumour.ca\/fr\/?s={search_term_string}\"},\"query-input\":{\"@type\":\"PropertyValueSpecification\",\"valueRequired\":true,\"valueName\":\"search_term_string\"}}],\"inLanguage\":\"fr-CA\"}]}<\/script>\n<!-- \/ Yoast SEO Premium plugin. -->","yoast_head_json":{"title":"Marche des tumeurs c\u00e9r\u00e9brales 2021 - Fondation canadienne des tumeurs c\u00e9r\u00e9brales","description":"Votre g\u00e9n\u00e9rosit\u00e9 nous permet d\u2019amasser des fonds qui serviront \u00e0 la recherche, au soutien, \u00e0 l\u2019information, \u00e0 la sensibilisation et \u00e0 la d\u00e9fense des droits de toutes les personnes touch\u00e9es par une tumeur c\u00e9r\u00e9brale.","robots":{"index":"index","follow":"follow","max-snippet":"max-snippet:-1","max-image-preview":"max-image-preview:large","max-video-preview":"max-video-preview:-1"},"canonical":"https:\/\/www.braintumour.ca\/fr\/marche-des-tumeurs-cerebrales\/","og_locale":"fr_CA","og_type":"article","og_title":"Marche des tumeurs c\u00e9r\u00e9brales 2021","og_description":"Votre g\u00e9n\u00e9rosit\u00e9 nous permet d\u2019amasser des fonds qui serviront \u00e0 la recherche, au soutien, \u00e0 l\u2019information, \u00e0 la sensibilisation et \u00e0 la d\u00e9fense des droits de toutes les personnes touch\u00e9es par une tumeur c\u00e9r\u00e9brale.","og_url":"https:\/\/www.braintumour.ca\/fr\/marche-des-tumeurs-cerebrales\/","og_site_name":"Fondation canadienne des tumeurs c\u00e9r\u00e9brales","article_modified_time":"2022-03-09T19:04:28+00:00","og_image":[{"width":1800,"height":1200,"url":"https:\/\/www.braintumour.ca\/wp-content\/uploads\/2020\/06\/VBTW-COLLAGEv2.jpg","type":"image\/jpeg"}],"twitter_card":"summary_large_image","schema":{"@context":"https:\/\/schema.org","@graph":[{"@type":"WebPage","@id":"https:\/\/www.braintumour.ca\/fr\/marche-des-tumeurs-cerebrales\/","url":"https:\/\/www.braintumour.ca\/fr\/marche-des-tumeurs-cerebrales\/","name":"Marche des tumeurs c\u00e9r\u00e9brales 2021 - Fondation canadienne des tumeurs c\u00e9r\u00e9brales","isPartOf":{"@id":"https:\/\/www.braintumour.ca\/fr\/#website"},"primaryImageOfPage":{"@id":"https:\/\/www.braintumour.ca\/fr\/marche-des-tumeurs-cerebrales\/#primaryimage"},"image":{"@id":"https:\/\/www.braintumour.ca\/fr\/marche-des-tumeurs-cerebrales\/#primaryimage"},"thumbnailUrl":"https:\/\/www.braintumour.ca\/wp-content\/uploads\/2020\/06\/VBTW-COLLAGEv2.jpg","datePublished":"2019-08-26T15:42:18+00:00","dateModified":"2022-03-09T19:04:28+00:00","description":"Votre g\u00e9n\u00e9rosit\u00e9 nous permet d\u2019amasser des fonds qui serviront \u00e0 la recherche, au soutien, \u00e0 l\u2019information, \u00e0 la sensibilisation et \u00e0 la d\u00e9fense des droits de toutes les personnes touch\u00e9es par une tumeur c\u00e9r\u00e9brale.","breadcrumb":{"@id":"https:\/\/www.braintumour.ca\/fr\/marche-des-tumeurs-cerebrales\/#breadcrumb"},"inLanguage":"fr-CA","potentialAction":[{"@type":"ReadAction","target":["https:\/\/www.braintumour.ca\/fr\/marche-des-tumeurs-cerebrales\/"]}]},{"@type":"ImageObject","inLanguage":"fr-CA","@id":"https:\/\/www.braintumour.ca\/fr\/marche-des-tumeurs-cerebrales\/#primaryimage","url":"https:\/\/www.braintumour.ca\/wp-content\/uploads\/2020\/06\/VBTW-COLLAGEv2.jpg","contentUrl":"https:\/\/www.braintumour.ca\/wp-content\/uploads\/2020\/06\/VBTW-COLLAGEv2.jpg","width":1800,"height":1200},{"@type":"BreadcrumbList","@id":"https:\/\/www.braintumour.ca\/fr\/marche-des-tumeurs-cerebrales\/#breadcrumb","itemListElement":[{"@type":"ListItem","position":1,"name":"Home","item":"https:\/\/www.braintumour.ca\/fr\/"},{"@type":"ListItem","position":2,"name":"Marche des tumeurs c\u00e9r\u00e9brales 2021"}]},{"@type":"WebSite","@id":"https:\/\/www.braintumour.ca\/fr\/#website","url":"https:\/\/www.braintumour.ca\/fr\/","name":"Fondation canadienne des tumeurs c\u00e9r\u00e9brales","description":"Notre mission est de venir en aide \u00e0 toutes les personnes touch\u00e9es par une tumeur c\u00e9r\u00e9brale au Canada par le biais de nos programmes d\u2019information, de soutien, d\u2019\u00e9ducation et de recherche.","potentialAction":[{"@type":"SearchAction","target":{"@type":"EntryPoint","urlTemplate":"https:\/\/www.braintumour.ca\/fr\/?s={search_term_string}"},"query-input":{"@type":"PropertyValueSpecification","valueRequired":true,"valueName":"search_term_string"}}],"inLanguage":"fr-CA"}]}},"_links":{"self":[{"href":"https:\/\/www.braintumour.ca\/fr\/wp-json\/wp\/v2\/pages\/2604","targetHints":{"allow":["GET"]}}],"collection":[{"href":"https:\/\/www.braintumour.ca\/fr\/wp-json\/wp\/v2\/pages"}],"about":[{"href":"https:\/\/www.braintumour.ca\/fr\/wp-json\/wp\/v2\/types\/page"}],"author":[{"embeddable":true,"href":"https:\/\/www.braintumour.ca\/fr\/wp-json\/wp\/v2\/users\/4"}],"replies":[{"embeddable":true,"href":"https:\/\/www.braintumour.ca\/fr\/wp-json\/wp\/v2\/comments?post=2604"}],"version-history":[{"count":0,"href":"https:\/\/www.braintumour.ca\/fr\/wp-json\/wp\/v2\/pages\/2604\/revisions"}],"wp:featuredmedia":[{"embeddable":true,"href":"https:\/\/www.braintumour.ca\/fr\/wp-json\/wp\/v2\/media\/5126"}],"wp:attachment":[{"href":"https:\/\/www.braintumour.ca\/fr\/wp-json\/wp\/v2\/media?parent=2604"}],"wp:term":[{"taxonomy":"user_type","embeddable":true,"href":"https:\/\/www.braintumour.ca\/fr\/wp-json\/wp\/v2\/user_type?post=2604"}],"curies":[{"name":"wp","href":"https:\/\/api.w.org\/{rel}","templated":true}]}}