{"id":2610,"date":"2019-08-26T16:43:42","date_gmt":"2019-08-26T20:43:42","guid":{"rendered":"https:\/\/braintumour.ca\/get-involved\/organisez-un-evenement-communautaire\/fundraising-ideas\/"},"modified":"2019-11-26T17:09:10","modified_gmt":"2019-11-26T22:09:10","slug":"fundraising-ideas","status":"publish","type":"page","link":"https:\/\/www.braintumour.ca\/fr\/impliquez-vous\/organisez-un-evenement-communautaire\/fundraising-ideas\/","title":{"rendered":"Id\u00e9es de collecte de fonds"},"content":{"rendered":"<h4>27 id\u00e9es pour vous aider \u00e0 recueillir des fonds pour les 27 Canadiens diagnostiqu\u00e9s quotidiennement avec une tumeur c\u00e9r\u00e9brale!<\/h4>\n","protected":false},"excerpt":{"rendered":"<p>27 id\u00e9es pour vous aider \u00e0 recueillir des fonds pour les 27 Canadiens diagnostiqu\u00e9s quotidiennement avec une tumeur c\u00e9r\u00e9brale!<\/p>\n","protected":false},"author":4,"featured_media":809,"parent":2606,"menu_order":2,"comment_status":"closed","ping_status":"closed","template":"","meta":{"_acf_changed":false,"footnotes":""},"user_type":[137],"class_list":["post-2610","page","type-page","status-publish","has-post-thumbnail","hentry","user_type-benevole"],"acf":[],"yoast_head":"<!-- This site is optimized with the Yoast SEO Premium plugin v27.0 (Yoast SEO v27.0) - https:\/\/yoast.com\/product\/yoast-seo-premium-wordpress\/ -->\n<title>Id\u00e9es de collecte de fonds - Fondation canadienne des tumeurs c\u00e9r\u00e9brales<\/title>\n<meta name=\"description\" content=\"Voici 27 id\u00e9es pour vous aider \u00e0 recueillir des fonds pour les 27 Canadiens diagnostiqu\u00e9s quotidiennement avec une tumeur c\u00e9r\u00e9brale.\" \/>\n<meta name=\"robots\" content=\"index, follow, max-snippet:-1, max-image-preview:large, max-video-preview:-1\" \/>\n<link rel=\"canonical\" href=\"https:\/\/www.braintumour.ca\/fr\/impliquez-vous\/organisez-un-evenement-communautaire\/fundraising-ideas\/\" \/>\n<meta property=\"og:locale\" content=\"fr_CA\" \/>\n<meta property=\"og:type\" content=\"article\" \/>\n<meta property=\"og:title\" content=\"Id\u00e9es de collecte de fonds\" \/>\n<meta property=\"og:description\" content=\"Voici 27 id\u00e9es pour vous aider \u00e0 recueillir des fonds pour les 27 Canadiens diagnostiqu\u00e9s quotidiennement avec une tumeur c\u00e9r\u00e9brale.\" \/>\n<meta property=\"og:url\" content=\"https:\/\/www.braintumour.ca\/fr\/impliquez-vous\/organisez-un-evenement-communautaire\/fundraising-ideas\/\" \/>\n<meta property=\"og:site_name\" content=\"Fondation canadienne des tumeurs c\u00e9r\u00e9brales\" \/>\n<meta property=\"article:modified_time\" content=\"2019-11-26T22:09:10+00:00\" \/>\n<meta property=\"og:image\" content=\"https:\/\/www.braintumour.ca\/wp-content\/uploads\/2019\/09\/61115074_1263993090421629_1174057133159743488_n.jpg\" \/>\n\t<meta property=\"og:image:width\" content=\"750\" \/>\n\t<meta property=\"og:image:height\" content=\"562\" \/>\n\t<meta property=\"og:image:type\" content=\"image\/jpeg\" \/>\n<meta name=\"twitter:card\" content=\"summary_large_image\" \/>\n<script type=\"application\/ld+json\" class=\"yoast-schema-graph\">{\"@context\":\"https:\/\/schema.org\",\"@graph\":[{\"@type\":\"WebPage\",\"@id\":\"https:\/\/www.braintumour.ca\/fr\/impliquez-vous\/organisez-un-evenement-communautaire\/fundraising-ideas\/\",\"url\":\"https:\/\/www.braintumour.ca\/fr\/impliquez-vous\/organisez-un-evenement-communautaire\/fundraising-ideas\/\",\"name\":\"Id\u00e9es de collecte de fonds - Fondation canadienne des tumeurs c\u00e9r\u00e9brales\",\"isPartOf\":{\"@id\":\"https:\/\/www.braintumour.ca\/fr\/#website\"},\"primaryImageOfPage\":{\"@id\":\"https:\/\/www.braintumour.ca\/fr\/impliquez-vous\/organisez-un-evenement-communautaire\/fundraising-ideas\/#primaryimage\"},\"image\":{\"@id\":\"https:\/\/www.braintumour.ca\/fr\/impliquez-vous\/organisez-un-evenement-communautaire\/fundraising-ideas\/#primaryimage\"},\"thumbnailUrl\":\"https:\/\/www.braintumour.ca\/wp-content\/uploads\/2019\/09\/61115074_1263993090421629_1174057133159743488_n.jpg\",\"datePublished\":\"2019-08-26T20:43:42+00:00\",\"dateModified\":\"2019-11-26T22:09:10+00:00\",\"description\":\"Voici 27 id\u00e9es pour vous aider \u00e0 recueillir des fonds pour les 27 Canadiens diagnostiqu\u00e9s quotidiennement avec une tumeur c\u00e9r\u00e9brale.\",\"breadcrumb\":{\"@id\":\"https:\/\/www.braintumour.ca\/fr\/impliquez-vous\/organisez-un-evenement-communautaire\/fundraising-ideas\/#breadcrumb\"},\"inLanguage\":\"fr-CA\",\"potentialAction\":[{\"@type\":\"ReadAction\",\"target\":[\"https:\/\/www.braintumour.ca\/fr\/impliquez-vous\/organisez-un-evenement-communautaire\/fundraising-ideas\/\"]}]},{\"@type\":\"ImageObject\",\"inLanguage\":\"fr-CA\",\"@id\":\"https:\/\/www.braintumour.ca\/fr\/impliquez-vous\/organisez-un-evenement-communautaire\/fundraising-ideas\/#primaryimage\",\"url\":\"https:\/\/www.braintumour.ca\/wp-content\/uploads\/2019\/09\/61115074_1263993090421629_1174057133159743488_n.jpg\",\"contentUrl\":\"https:\/\/www.braintumour.ca\/wp-content\/uploads\/2019\/09\/61115074_1263993090421629_1174057133159743488_n.jpg\",\"width\":750,\"height\":562,\"caption\":\"Bracelets for Sale - Community Event\"},{\"@type\":\"BreadcrumbList\",\"@id\":\"https:\/\/www.braintumour.ca\/fr\/impliquez-vous\/organisez-un-evenement-communautaire\/fundraising-ideas\/#breadcrumb\",\"itemListElement\":[{\"@type\":\"ListItem\",\"position\":1,\"name\":\"Home\",\"item\":\"https:\/\/www.braintumour.ca\/fr\/\"},{\"@type\":\"ListItem\",\"position\":2,\"name\":\"Impliquez-vous\",\"item\":\"https:\/\/www.braintumour.ca\/fr\/impliquez-vous\/\"},{\"@type\":\"ListItem\",\"position\":3,\"name\":\"Organisez un \u00e9v\u00e9nement communautaire\",\"item\":\"https:\/\/www.braintumour.ca\/fr\/impliquez-vous\/organisez-un-evenement-communautaire\/\"},{\"@type\":\"ListItem\",\"position\":4,\"name\":\"Id\u00e9es de collecte de fonds\"}]},{\"@type\":\"WebSite\",\"@id\":\"https:\/\/www.braintumour.ca\/fr\/#website\",\"url\":\"https:\/\/www.braintumour.ca\/fr\/\",\"name\":\"Fondation canadienne des tumeurs c\u00e9r\u00e9brales\",\"description\":\"Notre mission est de venir en aide \u00e0 toutes les personnes touch\u00e9es par une tumeur c\u00e9r\u00e9brale au Canada par le biais de nos programmes d\u2019information, de soutien, d\u2019\u00e9ducation et de recherche.\",\"potentialAction\":[{\"@type\":\"SearchAction\",\"target\":{\"@type\":\"EntryPoint\",\"urlTemplate\":\"https:\/\/www.braintumour.ca\/fr\/?s={search_term_string}\"},\"query-input\":{\"@type\":\"PropertyValueSpecification\",\"valueRequired\":true,\"valueName\":\"search_term_string\"}}],\"inLanguage\":\"fr-CA\"}]}<\/script>\n<!-- \/ Yoast SEO Premium plugin. -->","yoast_head_json":{"title":"Id\u00e9es de collecte de fonds - Fondation canadienne des tumeurs c\u00e9r\u00e9brales","description":"Voici 27 id\u00e9es pour vous aider \u00e0 recueillir des fonds pour les 27 Canadiens diagnostiqu\u00e9s quotidiennement avec une tumeur c\u00e9r\u00e9brale.","robots":{"index":"index","follow":"follow","max-snippet":"max-snippet:-1","max-image-preview":"max-image-preview:large","max-video-preview":"max-video-preview:-1"},"canonical":"https:\/\/www.braintumour.ca\/fr\/impliquez-vous\/organisez-un-evenement-communautaire\/fundraising-ideas\/","og_locale":"fr_CA","og_type":"article","og_title":"Id\u00e9es de collecte de fonds","og_description":"Voici 27 id\u00e9es pour vous aider \u00e0 recueillir des fonds pour les 27 Canadiens diagnostiqu\u00e9s quotidiennement avec une tumeur c\u00e9r\u00e9brale.","og_url":"https:\/\/www.braintumour.ca\/fr\/impliquez-vous\/organisez-un-evenement-communautaire\/fundraising-ideas\/","og_site_name":"Fondation canadienne des tumeurs c\u00e9r\u00e9brales","article_modified_time":"2019-11-26T22:09:10+00:00","og_image":[{"width":750,"height":562,"url":"https:\/\/www.braintumour.ca\/wp-content\/uploads\/2019\/09\/61115074_1263993090421629_1174057133159743488_n.jpg","type":"image\/jpeg"}],"twitter_card":"summary_large_image","schema":{"@context":"https:\/\/schema.org","@graph":[{"@type":"WebPage","@id":"https:\/\/www.braintumour.ca\/fr\/impliquez-vous\/organisez-un-evenement-communautaire\/fundraising-ideas\/","url":"https:\/\/www.braintumour.ca\/fr\/impliquez-vous\/organisez-un-evenement-communautaire\/fundraising-ideas\/","name":"Id\u00e9es de collecte de fonds - Fondation canadienne des tumeurs c\u00e9r\u00e9brales","isPartOf":{"@id":"https:\/\/www.braintumour.ca\/fr\/#website"},"primaryImageOfPage":{"@id":"https:\/\/www.braintumour.ca\/fr\/impliquez-vous\/organisez-un-evenement-communautaire\/fundraising-ideas\/#primaryimage"},"image":{"@id":"https:\/\/www.braintumour.ca\/fr\/impliquez-vous\/organisez-un-evenement-communautaire\/fundraising-ideas\/#primaryimage"},"thumbnailUrl":"https:\/\/www.braintumour.ca\/wp-content\/uploads\/2019\/09\/61115074_1263993090421629_1174057133159743488_n.jpg","datePublished":"2019-08-26T20:43:42+00:00","dateModified":"2019-11-26T22:09:10+00:00","description":"Voici 27 id\u00e9es pour vous aider \u00e0 recueillir des fonds pour les 27 Canadiens diagnostiqu\u00e9s quotidiennement avec une tumeur c\u00e9r\u00e9brale.","breadcrumb":{"@id":"https:\/\/www.braintumour.ca\/fr\/impliquez-vous\/organisez-un-evenement-communautaire\/fundraising-ideas\/#breadcrumb"},"inLanguage":"fr-CA","potentialAction":[{"@type":"ReadAction","target":["https:\/\/www.braintumour.ca\/fr\/impliquez-vous\/organisez-un-evenement-communautaire\/fundraising-ideas\/"]}]},{"@type":"ImageObject","inLanguage":"fr-CA","@id":"https:\/\/www.braintumour.ca\/fr\/impliquez-vous\/organisez-un-evenement-communautaire\/fundraising-ideas\/#primaryimage","url":"https:\/\/www.braintumour.ca\/wp-content\/uploads\/2019\/09\/61115074_1263993090421629_1174057133159743488_n.jpg","contentUrl":"https:\/\/www.braintumour.ca\/wp-content\/uploads\/2019\/09\/61115074_1263993090421629_1174057133159743488_n.jpg","width":750,"height":562,"caption":"Bracelets for Sale - Community Event"},{"@type":"BreadcrumbList","@id":"https:\/\/www.braintumour.ca\/fr\/impliquez-vous\/organisez-un-evenement-communautaire\/fundraising-ideas\/#breadcrumb","itemListElement":[{"@type":"ListItem","position":1,"name":"Home","item":"https:\/\/www.braintumour.ca\/fr\/"},{"@type":"ListItem","position":2,"name":"Impliquez-vous","item":"https:\/\/www.braintumour.ca\/fr\/impliquez-vous\/"},{"@type":"ListItem","position":3,"name":"Organisez un \u00e9v\u00e9nement communautaire","item":"https:\/\/www.braintumour.ca\/fr\/impliquez-vous\/organisez-un-evenement-communautaire\/"},{"@type":"ListItem","position":4,"name":"Id\u00e9es de collecte de fonds"}]},{"@type":"WebSite","@id":"https:\/\/www.braintumour.ca\/fr\/#website","url":"https:\/\/www.braintumour.ca\/fr\/","name":"Fondation canadienne des tumeurs c\u00e9r\u00e9brales","description":"Notre mission est de venir en aide \u00e0 toutes les personnes touch\u00e9es par une tumeur c\u00e9r\u00e9brale au Canada par le biais de nos programmes d\u2019information, de soutien, d\u2019\u00e9ducation et de recherche.","potentialAction":[{"@type":"SearchAction","target":{"@type":"EntryPoint","urlTemplate":"https:\/\/www.braintumour.ca\/fr\/?s={search_term_string}"},"query-input":{"@type":"PropertyValueSpecification","valueRequired":true,"valueName":"search_term_string"}}],"inLanguage":"fr-CA"}]}},"_links":{"self":[{"href":"https:\/\/www.braintumour.ca\/fr\/wp-json\/wp\/v2\/pages\/2610","targetHints":{"allow":["GET"]}}],"collection":[{"href":"https:\/\/www.braintumour.ca\/fr\/wp-json\/wp\/v2\/pages"}],"about":[{"href":"https:\/\/www.braintumour.ca\/fr\/wp-json\/wp\/v2\/types\/page"}],"author":[{"embeddable":true,"href":"https:\/\/www.braintumour.ca\/fr\/wp-json\/wp\/v2\/users\/4"}],"replies":[{"embeddable":true,"href":"https:\/\/www.braintumour.ca\/fr\/wp-json\/wp\/v2\/comments?post=2610"}],"version-history":[{"count":0,"href":"https:\/\/www.braintumour.ca\/fr\/wp-json\/wp\/v2\/pages\/2610\/revisions"}],"up":[{"embeddable":true,"href":"https:\/\/www.braintumour.ca\/fr\/wp-json\/wp\/v2\/pages\/2606"}],"wp:featuredmedia":[{"embeddable":true,"href":"https:\/\/www.braintumour.ca\/fr\/wp-json\/wp\/v2\/media\/809"}],"wp:attachment":[{"href":"https:\/\/www.braintumour.ca\/fr\/wp-json\/wp\/v2\/media?parent=2610"}],"wp:term":[{"taxonomy":"user_type","embeddable":true,"href":"https:\/\/www.braintumour.ca\/fr\/wp-json\/wp\/v2\/user_type?post=2610"}],"curies":[{"name":"wp","href":"https:\/\/api.w.org\/{rel}","templated":true}]}}