{"id":2618,"date":"2019-08-26T16:45:04","date_gmt":"2019-08-26T20:45:04","guid":{"rendered":"https:\/\/braintumour.ca\/get-involved\/advocacy\/"},"modified":"2023-05-30T22:07:10","modified_gmt":"2023-05-31T02:07:10","slug":"defense-des-droits","status":"publish","type":"page","link":"https:\/\/www.braintumour.ca\/fr\/impliquez-vous\/defense-des-droits\/","title":{"rendered":"D\u00e9fense des droits des patients"},"content":{"rendered":"<h5>Nous tentons d&rsquo;apporter des changements au niveau politique concernant les droits des patients atteints de tumeurs c\u00e9r\u00e9brales, tout en vous permettant de d\u00e9fendre vos propres droits.<\/h5>\n","protected":false},"excerpt":{"rendered":"<p>Nous tentons d&rsquo;apporter des changements au niveau politique concernant les droits des patients atteints de tumeurs c\u00e9r\u00e9brales, tout en vous [&hellip;]<\/p>\n","protected":false},"author":4,"featured_media":727,"parent":2601,"menu_order":4,"comment_status":"closed","ping_status":"closed","template":"","meta":{"_acf_changed":false,"footnotes":""},"user_type":[133,132,137,136,134,135],"class_list":["post-2618","page","type-page","status-publish","has-post-thumbnail","hentry","user_type-patient-fr","user_type-proche-aidant","user_type-benevole","user_type-donateur","user_type-chercheur","user_type-professionnel-de-la-sante"],"acf":[],"yoast_head":"<!-- This site is optimized with the Yoast SEO Premium plugin v27.0 (Yoast SEO v27.0) - https:\/\/yoast.com\/product\/yoast-seo-premium-wordpress\/ -->\n<title>D\u00e9fense des droits des patients - Fondation canadienne des tumeurs c\u00e9r\u00e9brales<\/title>\n<meta name=\"description\" content=\"Nous tentons d&#039;apporter des changements au niveau de la politique concernant les droits des patients atteints de tumeurs c\u00e9r\u00e9brales, tout en vous permettant de d\u00e9fendre vos propres droits.\" \/>\n<meta name=\"robots\" content=\"index, follow, max-snippet:-1, max-image-preview:large, max-video-preview:-1\" \/>\n<link rel=\"canonical\" href=\"https:\/\/www.braintumour.ca\/fr\/impliquez-vous\/defense-des-droits\/\" \/>\n<meta property=\"og:locale\" content=\"fr_CA\" \/>\n<meta property=\"og:type\" content=\"article\" \/>\n<meta property=\"og:title\" content=\"D\u00e9fense des droits des patients\" \/>\n<meta property=\"og:description\" content=\"Nous tentons d&#039;apporter des changements au niveau de la politique concernant les droits des patients atteints de tumeurs c\u00e9r\u00e9brales, tout en vous permettant de d\u00e9fendre vos propres droits.\" \/>\n<meta property=\"og:url\" content=\"https:\/\/www.braintumour.ca\/fr\/impliquez-vous\/defense-des-droits\/\" \/>\n<meta property=\"og:site_name\" content=\"Fondation canadienne des tumeurs c\u00e9r\u00e9brales\" \/>\n<meta property=\"article:modified_time\" content=\"2023-05-31T02:07:10+00:00\" \/>\n<meta property=\"og:image\" content=\"https:\/\/www.braintumour.ca\/wp-content\/uploads\/2019\/09\/advocacy-parliament.jpg\" \/>\n\t<meta property=\"og:image:width\" content=\"747\" \/>\n\t<meta property=\"og:image:height\" content=\"220\" \/>\n\t<meta property=\"og:image:type\" content=\"image\/jpeg\" \/>\n<meta name=\"twitter:card\" content=\"summary_large_image\" \/>\n<meta name=\"twitter:label1\" content=\"Estimation du temps de lecture\" \/>\n\t<meta name=\"twitter:data1\" content=\"1 minute\" \/>\n<script type=\"application\/ld+json\" class=\"yoast-schema-graph\">{\"@context\":\"https:\/\/schema.org\",\"@graph\":[{\"@type\":\"WebPage\",\"@id\":\"https:\/\/www.braintumour.ca\/fr\/impliquez-vous\/defense-des-droits\/\",\"url\":\"https:\/\/www.braintumour.ca\/fr\/impliquez-vous\/defense-des-droits\/\",\"name\":\"D\u00e9fense des droits des patients - Fondation canadienne des tumeurs c\u00e9r\u00e9brales\",\"isPartOf\":{\"@id\":\"https:\/\/www.braintumour.ca\/fr\/#website\"},\"primaryImageOfPage\":{\"@id\":\"https:\/\/www.braintumour.ca\/fr\/impliquez-vous\/defense-des-droits\/#primaryimage\"},\"image\":{\"@id\":\"https:\/\/www.braintumour.ca\/fr\/impliquez-vous\/defense-des-droits\/#primaryimage\"},\"thumbnailUrl\":\"https:\/\/www.braintumour.ca\/wp-content\/uploads\/2019\/09\/advocacy-parliament.jpg\",\"datePublished\":\"2019-08-26T20:45:04+00:00\",\"dateModified\":\"2023-05-31T02:07:10+00:00\",\"description\":\"Nous tentons d'apporter des changements au niveau de la politique concernant les droits des patients atteints de tumeurs c\u00e9r\u00e9brales, tout en vous permettant de d\u00e9fendre vos propres droits.\",\"breadcrumb\":{\"@id\":\"https:\/\/www.braintumour.ca\/fr\/impliquez-vous\/defense-des-droits\/#breadcrumb\"},\"inLanguage\":\"fr-CA\",\"potentialAction\":[{\"@type\":\"ReadAction\",\"target\":[\"https:\/\/www.braintumour.ca\/fr\/impliquez-vous\/defense-des-droits\/\"]}]},{\"@type\":\"ImageObject\",\"inLanguage\":\"fr-CA\",\"@id\":\"https:\/\/www.braintumour.ca\/fr\/impliquez-vous\/defense-des-droits\/#primaryimage\",\"url\":\"https:\/\/www.braintumour.ca\/wp-content\/uploads\/2019\/09\/advocacy-parliament.jpg\",\"contentUrl\":\"https:\/\/www.braintumour.ca\/wp-content\/uploads\/2019\/09\/advocacy-parliament.jpg\",\"width\":747,\"height\":220},{\"@type\":\"BreadcrumbList\",\"@id\":\"https:\/\/www.braintumour.ca\/fr\/impliquez-vous\/defense-des-droits\/#breadcrumb\",\"itemListElement\":[{\"@type\":\"ListItem\",\"position\":1,\"name\":\"Home\",\"item\":\"https:\/\/www.braintumour.ca\/fr\/\"},{\"@type\":\"ListItem\",\"position\":2,\"name\":\"Impliquez-vous\",\"item\":\"https:\/\/www.braintumour.ca\/fr\/impliquez-vous\/\"},{\"@type\":\"ListItem\",\"position\":3,\"name\":\"D\u00e9fense des droits des patients\"}]},{\"@type\":\"WebSite\",\"@id\":\"https:\/\/www.braintumour.ca\/fr\/#website\",\"url\":\"https:\/\/www.braintumour.ca\/fr\/\",\"name\":\"Fondation canadienne des tumeurs c\u00e9r\u00e9brales\",\"description\":\"Notre mission est de venir en aide \u00e0 toutes les personnes touch\u00e9es par une tumeur c\u00e9r\u00e9brale au Canada par le biais de nos programmes d\u2019information, de soutien, d\u2019\u00e9ducation et de recherche.\",\"potentialAction\":[{\"@type\":\"SearchAction\",\"target\":{\"@type\":\"EntryPoint\",\"urlTemplate\":\"https:\/\/www.braintumour.ca\/fr\/?s={search_term_string}\"},\"query-input\":{\"@type\":\"PropertyValueSpecification\",\"valueRequired\":true,\"valueName\":\"search_term_string\"}}],\"inLanguage\":\"fr-CA\"}]}<\/script>\n<!-- \/ Yoast SEO Premium plugin. -->","yoast_head_json":{"title":"D\u00e9fense des droits des patients - Fondation canadienne des tumeurs c\u00e9r\u00e9brales","description":"Nous tentons d'apporter des changements au niveau de la politique concernant les droits des patients atteints de tumeurs c\u00e9r\u00e9brales, tout en vous permettant de d\u00e9fendre vos propres droits.","robots":{"index":"index","follow":"follow","max-snippet":"max-snippet:-1","max-image-preview":"max-image-preview:large","max-video-preview":"max-video-preview:-1"},"canonical":"https:\/\/www.braintumour.ca\/fr\/impliquez-vous\/defense-des-droits\/","og_locale":"fr_CA","og_type":"article","og_title":"D\u00e9fense des droits des patients","og_description":"Nous tentons d'apporter des changements au niveau de la politique concernant les droits des patients atteints de tumeurs c\u00e9r\u00e9brales, tout en vous permettant de d\u00e9fendre vos propres droits.","og_url":"https:\/\/www.braintumour.ca\/fr\/impliquez-vous\/defense-des-droits\/","og_site_name":"Fondation canadienne des tumeurs c\u00e9r\u00e9brales","article_modified_time":"2023-05-31T02:07:10+00:00","og_image":[{"width":747,"height":220,"url":"https:\/\/www.braintumour.ca\/wp-content\/uploads\/2019\/09\/advocacy-parliament.jpg","type":"image\/jpeg"}],"twitter_card":"summary_large_image","twitter_misc":{"Estimation du temps de lecture":"1 minute"},"schema":{"@context":"https:\/\/schema.org","@graph":[{"@type":"WebPage","@id":"https:\/\/www.braintumour.ca\/fr\/impliquez-vous\/defense-des-droits\/","url":"https:\/\/www.braintumour.ca\/fr\/impliquez-vous\/defense-des-droits\/","name":"D\u00e9fense des droits des patients - Fondation canadienne des tumeurs c\u00e9r\u00e9brales","isPartOf":{"@id":"https:\/\/www.braintumour.ca\/fr\/#website"},"primaryImageOfPage":{"@id":"https:\/\/www.braintumour.ca\/fr\/impliquez-vous\/defense-des-droits\/#primaryimage"},"image":{"@id":"https:\/\/www.braintumour.ca\/fr\/impliquez-vous\/defense-des-droits\/#primaryimage"},"thumbnailUrl":"https:\/\/www.braintumour.ca\/wp-content\/uploads\/2019\/09\/advocacy-parliament.jpg","datePublished":"2019-08-26T20:45:04+00:00","dateModified":"2023-05-31T02:07:10+00:00","description":"Nous tentons d'apporter des changements au niveau de la politique concernant les droits des patients atteints de tumeurs c\u00e9r\u00e9brales, tout en vous permettant de d\u00e9fendre vos propres droits.","breadcrumb":{"@id":"https:\/\/www.braintumour.ca\/fr\/impliquez-vous\/defense-des-droits\/#breadcrumb"},"inLanguage":"fr-CA","potentialAction":[{"@type":"ReadAction","target":["https:\/\/www.braintumour.ca\/fr\/impliquez-vous\/defense-des-droits\/"]}]},{"@type":"ImageObject","inLanguage":"fr-CA","@id":"https:\/\/www.braintumour.ca\/fr\/impliquez-vous\/defense-des-droits\/#primaryimage","url":"https:\/\/www.braintumour.ca\/wp-content\/uploads\/2019\/09\/advocacy-parliament.jpg","contentUrl":"https:\/\/www.braintumour.ca\/wp-content\/uploads\/2019\/09\/advocacy-parliament.jpg","width":747,"height":220},{"@type":"BreadcrumbList","@id":"https:\/\/www.braintumour.ca\/fr\/impliquez-vous\/defense-des-droits\/#breadcrumb","itemListElement":[{"@type":"ListItem","position":1,"name":"Home","item":"https:\/\/www.braintumour.ca\/fr\/"},{"@type":"ListItem","position":2,"name":"Impliquez-vous","item":"https:\/\/www.braintumour.ca\/fr\/impliquez-vous\/"},{"@type":"ListItem","position":3,"name":"D\u00e9fense des droits des patients"}]},{"@type":"WebSite","@id":"https:\/\/www.braintumour.ca\/fr\/#website","url":"https:\/\/www.braintumour.ca\/fr\/","name":"Fondation canadienne des tumeurs c\u00e9r\u00e9brales","description":"Notre mission est de venir en aide \u00e0 toutes les personnes touch\u00e9es par une tumeur c\u00e9r\u00e9brale au Canada par le biais de nos programmes d\u2019information, de soutien, d\u2019\u00e9ducation et de recherche.","potentialAction":[{"@type":"SearchAction","target":{"@type":"EntryPoint","urlTemplate":"https:\/\/www.braintumour.ca\/fr\/?s={search_term_string}"},"query-input":{"@type":"PropertyValueSpecification","valueRequired":true,"valueName":"search_term_string"}}],"inLanguage":"fr-CA"}]}},"_links":{"self":[{"href":"https:\/\/www.braintumour.ca\/fr\/wp-json\/wp\/v2\/pages\/2618","targetHints":{"allow":["GET"]}}],"collection":[{"href":"https:\/\/www.braintumour.ca\/fr\/wp-json\/wp\/v2\/pages"}],"about":[{"href":"https:\/\/www.braintumour.ca\/fr\/wp-json\/wp\/v2\/types\/page"}],"author":[{"embeddable":true,"href":"https:\/\/www.braintumour.ca\/fr\/wp-json\/wp\/v2\/users\/4"}],"replies":[{"embeddable":true,"href":"https:\/\/www.braintumour.ca\/fr\/wp-json\/wp\/v2\/comments?post=2618"}],"version-history":[{"count":0,"href":"https:\/\/www.braintumour.ca\/fr\/wp-json\/wp\/v2\/pages\/2618\/revisions"}],"up":[{"embeddable":true,"href":"https:\/\/www.braintumour.ca\/fr\/wp-json\/wp\/v2\/pages\/2601"}],"wp:featuredmedia":[{"embeddable":true,"href":"https:\/\/www.braintumour.ca\/fr\/wp-json\/wp\/v2\/media\/727"}],"wp:attachment":[{"href":"https:\/\/www.braintumour.ca\/fr\/wp-json\/wp\/v2\/media?parent=2618"}],"wp:term":[{"taxonomy":"user_type","embeddable":true,"href":"https:\/\/www.braintumour.ca\/fr\/wp-json\/wp\/v2\/user_type?post=2618"}],"curies":[{"name":"wp","href":"https:\/\/api.w.org\/{rel}","templated":true}]}}