{"id":2904,"date":"2019-08-26T17:31:45","date_gmt":"2019-08-26T21:31:45","guid":{"rendered":"https:\/\/braintumour.ca\/medias\/press-releases\/"},"modified":"2025-11-28T14:04:59","modified_gmt":"2025-11-28T19:04:59","slug":"communiques-de-presse","status":"publish","type":"page","link":"https:\/\/www.braintumour.ca\/fr\/medias\/communiques-de-presse\/","title":{"rendered":"Communiqu\u00e9s de presse"},"content":{"rendered":"<h5>Vous trouverez dans cette section une liste de communiqu\u00e9s de presse diffus\u00e9s par la Fondation canadienne des tumeurs c\u00e9r\u00e9brales.<\/h5>\n","protected":false},"excerpt":{"rendered":"<p>Vous trouverez dans cette section une liste de communiqu\u00e9s de presse diffus\u00e9s par la Fondation canadienne des tumeurs c\u00e9r\u00e9brales.<\/p>\n","protected":false},"author":4,"featured_media":991,"parent":2901,"menu_order":2,"comment_status":"closed","ping_status":"closed","template":"","meta":{"_acf_changed":false,"footnotes":""},"user_type":[],"class_list":["post-2904","page","type-page","status-publish","has-post-thumbnail","hentry"],"acf":[],"yoast_head":"<!-- This site is optimized with the Yoast SEO Premium plugin v27.0 (Yoast SEO v27.0) - https:\/\/yoast.com\/product\/yoast-seo-premium-wordpress\/ -->\n<title>Communiqu\u00e9s de presse - Fondation canadienne des tumeurs c\u00e9r\u00e9brales<\/title>\n<meta name=\"description\" content=\"Vous trouverez dans cette section une liste de communiqu\u00e9s de presse.\" \/>\n<meta name=\"robots\" content=\"index, follow, max-snippet:-1, max-image-preview:large, max-video-preview:-1\" \/>\n<link rel=\"canonical\" href=\"https:\/\/www.braintumour.ca\/fr\/medias\/communiques-de-presse\/\" \/>\n<meta property=\"og:locale\" content=\"fr_CA\" \/>\n<meta property=\"og:type\" content=\"article\" \/>\n<meta property=\"og:title\" content=\"Communiqu\u00e9s de presse\" \/>\n<meta property=\"og:description\" content=\"Vous trouverez dans cette section une liste de communiqu\u00e9s de presse.\" \/>\n<meta property=\"og:url\" content=\"https:\/\/www.braintumour.ca\/fr\/medias\/communiques-de-presse\/\" \/>\n<meta property=\"og:site_name\" content=\"Fondation canadienne des tumeurs c\u00e9r\u00e9brales\" \/>\n<meta property=\"article:modified_time\" content=\"2025-11-28T19:04:59+00:00\" \/>\n<meta property=\"og:image\" content=\"https:\/\/www.braintumour.ca\/wp-content\/uploads\/2019\/09\/newspapers-444448_1920.jpg\" \/>\n\t<meta property=\"og:image:width\" content=\"1920\" \/>\n\t<meta property=\"og:image:height\" content=\"1271\" \/>\n\t<meta property=\"og:image:type\" content=\"image\/jpeg\" \/>\n<meta name=\"twitter:card\" content=\"summary_large_image\" \/>\n<meta name=\"twitter:label1\" content=\"Estimation du temps de lecture\" \/>\n\t<meta name=\"twitter:data1\" content=\"19 minutes\" \/>\n<script type=\"application\/ld+json\" class=\"yoast-schema-graph\">{\"@context\":\"https:\/\/schema.org\",\"@graph\":[{\"@type\":\"WebPage\",\"@id\":\"https:\/\/www.braintumour.ca\/fr\/medias\/communiques-de-presse\/\",\"url\":\"https:\/\/www.braintumour.ca\/fr\/medias\/communiques-de-presse\/\",\"name\":\"Communiqu\u00e9s de presse - Fondation canadienne des tumeurs c\u00e9r\u00e9brales\",\"isPartOf\":{\"@id\":\"https:\/\/www.braintumour.ca\/fr\/#website\"},\"primaryImageOfPage\":{\"@id\":\"https:\/\/www.braintumour.ca\/fr\/medias\/communiques-de-presse\/#primaryimage\"},\"image\":{\"@id\":\"https:\/\/www.braintumour.ca\/fr\/medias\/communiques-de-presse\/#primaryimage\"},\"thumbnailUrl\":\"https:\/\/www.braintumour.ca\/wp-content\/uploads\/2019\/09\/newspapers-444448_1920.jpg\",\"datePublished\":\"2019-08-26T21:31:45+00:00\",\"dateModified\":\"2025-11-28T19:04:59+00:00\",\"description\":\"Vous trouverez dans cette section une liste de communiqu\u00e9s de presse.\",\"breadcrumb\":{\"@id\":\"https:\/\/www.braintumour.ca\/fr\/medias\/communiques-de-presse\/#breadcrumb\"},\"inLanguage\":\"fr-CA\",\"potentialAction\":[{\"@type\":\"ReadAction\",\"target\":[\"https:\/\/www.braintumour.ca\/fr\/medias\/communiques-de-presse\/\"]}]},{\"@type\":\"ImageObject\",\"inLanguage\":\"fr-CA\",\"@id\":\"https:\/\/www.braintumour.ca\/fr\/medias\/communiques-de-presse\/#primaryimage\",\"url\":\"https:\/\/www.braintumour.ca\/wp-content\/uploads\/2019\/09\/newspapers-444448_1920.jpg\",\"contentUrl\":\"https:\/\/www.braintumour.ca\/wp-content\/uploads\/2019\/09\/newspapers-444448_1920.jpg\",\"width\":1920,\"height\":1271,\"caption\":\"Newspaper\"},{\"@type\":\"BreadcrumbList\",\"@id\":\"https:\/\/www.braintumour.ca\/fr\/medias\/communiques-de-presse\/#breadcrumb\",\"itemListElement\":[{\"@type\":\"ListItem\",\"position\":1,\"name\":\"Home\",\"item\":\"https:\/\/www.braintumour.ca\/fr\/\"},{\"@type\":\"ListItem\",\"position\":2,\"name\":\"M\u00e9dias\",\"item\":\"https:\/\/www.braintumour.ca\/fr\/medias\/\"},{\"@type\":\"ListItem\",\"position\":3,\"name\":\"Communiqu\u00e9s de presse\"}]},{\"@type\":\"WebSite\",\"@id\":\"https:\/\/www.braintumour.ca\/fr\/#website\",\"url\":\"https:\/\/www.braintumour.ca\/fr\/\",\"name\":\"Fondation canadienne des tumeurs c\u00e9r\u00e9brales\",\"description\":\"Notre mission est de venir en aide \u00e0 toutes les personnes touch\u00e9es par une tumeur c\u00e9r\u00e9brale au Canada par le biais de nos programmes d\u2019information, de soutien, d\u2019\u00e9ducation et de recherche.\",\"potentialAction\":[{\"@type\":\"SearchAction\",\"target\":{\"@type\":\"EntryPoint\",\"urlTemplate\":\"https:\/\/www.braintumour.ca\/fr\/?s={search_term_string}\"},\"query-input\":{\"@type\":\"PropertyValueSpecification\",\"valueRequired\":true,\"valueName\":\"search_term_string\"}}],\"inLanguage\":\"fr-CA\"}]}<\/script>\n<!-- \/ Yoast SEO Premium plugin. -->","yoast_head_json":{"title":"Communiqu\u00e9s de presse - Fondation canadienne des tumeurs c\u00e9r\u00e9brales","description":"Vous trouverez dans cette section une liste de communiqu\u00e9s de presse.","robots":{"index":"index","follow":"follow","max-snippet":"max-snippet:-1","max-image-preview":"max-image-preview:large","max-video-preview":"max-video-preview:-1"},"canonical":"https:\/\/www.braintumour.ca\/fr\/medias\/communiques-de-presse\/","og_locale":"fr_CA","og_type":"article","og_title":"Communiqu\u00e9s de presse","og_description":"Vous trouverez dans cette section une liste de communiqu\u00e9s de presse.","og_url":"https:\/\/www.braintumour.ca\/fr\/medias\/communiques-de-presse\/","og_site_name":"Fondation canadienne des tumeurs c\u00e9r\u00e9brales","article_modified_time":"2025-11-28T19:04:59+00:00","og_image":[{"width":1920,"height":1271,"url":"https:\/\/www.braintumour.ca\/wp-content\/uploads\/2019\/09\/newspapers-444448_1920.jpg","type":"image\/jpeg"}],"twitter_card":"summary_large_image","twitter_misc":{"Estimation du temps de lecture":"19 minutes"},"schema":{"@context":"https:\/\/schema.org","@graph":[{"@type":"WebPage","@id":"https:\/\/www.braintumour.ca\/fr\/medias\/communiques-de-presse\/","url":"https:\/\/www.braintumour.ca\/fr\/medias\/communiques-de-presse\/","name":"Communiqu\u00e9s de presse - Fondation canadienne des tumeurs c\u00e9r\u00e9brales","isPartOf":{"@id":"https:\/\/www.braintumour.ca\/fr\/#website"},"primaryImageOfPage":{"@id":"https:\/\/www.braintumour.ca\/fr\/medias\/communiques-de-presse\/#primaryimage"},"image":{"@id":"https:\/\/www.braintumour.ca\/fr\/medias\/communiques-de-presse\/#primaryimage"},"thumbnailUrl":"https:\/\/www.braintumour.ca\/wp-content\/uploads\/2019\/09\/newspapers-444448_1920.jpg","datePublished":"2019-08-26T21:31:45+00:00","dateModified":"2025-11-28T19:04:59+00:00","description":"Vous trouverez dans cette section une liste de communiqu\u00e9s de presse.","breadcrumb":{"@id":"https:\/\/www.braintumour.ca\/fr\/medias\/communiques-de-presse\/#breadcrumb"},"inLanguage":"fr-CA","potentialAction":[{"@type":"ReadAction","target":["https:\/\/www.braintumour.ca\/fr\/medias\/communiques-de-presse\/"]}]},{"@type":"ImageObject","inLanguage":"fr-CA","@id":"https:\/\/www.braintumour.ca\/fr\/medias\/communiques-de-presse\/#primaryimage","url":"https:\/\/www.braintumour.ca\/wp-content\/uploads\/2019\/09\/newspapers-444448_1920.jpg","contentUrl":"https:\/\/www.braintumour.ca\/wp-content\/uploads\/2019\/09\/newspapers-444448_1920.jpg","width":1920,"height":1271,"caption":"Newspaper"},{"@type":"BreadcrumbList","@id":"https:\/\/www.braintumour.ca\/fr\/medias\/communiques-de-presse\/#breadcrumb","itemListElement":[{"@type":"ListItem","position":1,"name":"Home","item":"https:\/\/www.braintumour.ca\/fr\/"},{"@type":"ListItem","position":2,"name":"M\u00e9dias","item":"https:\/\/www.braintumour.ca\/fr\/medias\/"},{"@type":"ListItem","position":3,"name":"Communiqu\u00e9s de presse"}]},{"@type":"WebSite","@id":"https:\/\/www.braintumour.ca\/fr\/#website","url":"https:\/\/www.braintumour.ca\/fr\/","name":"Fondation canadienne des tumeurs c\u00e9r\u00e9brales","description":"Notre mission est de venir en aide \u00e0 toutes les personnes touch\u00e9es par une tumeur c\u00e9r\u00e9brale au Canada par le biais de nos programmes d\u2019information, de soutien, d\u2019\u00e9ducation et de recherche.","potentialAction":[{"@type":"SearchAction","target":{"@type":"EntryPoint","urlTemplate":"https:\/\/www.braintumour.ca\/fr\/?s={search_term_string}"},"query-input":{"@type":"PropertyValueSpecification","valueRequired":true,"valueName":"search_term_string"}}],"inLanguage":"fr-CA"}]}},"_links":{"self":[{"href":"https:\/\/www.braintumour.ca\/fr\/wp-json\/wp\/v2\/pages\/2904","targetHints":{"allow":["GET"]}}],"collection":[{"href":"https:\/\/www.braintumour.ca\/fr\/wp-json\/wp\/v2\/pages"}],"about":[{"href":"https:\/\/www.braintumour.ca\/fr\/wp-json\/wp\/v2\/types\/page"}],"author":[{"embeddable":true,"href":"https:\/\/www.braintumour.ca\/fr\/wp-json\/wp\/v2\/users\/4"}],"replies":[{"embeddable":true,"href":"https:\/\/www.braintumour.ca\/fr\/wp-json\/wp\/v2\/comments?post=2904"}],"version-history":[{"count":0,"href":"https:\/\/www.braintumour.ca\/fr\/wp-json\/wp\/v2\/pages\/2904\/revisions"}],"up":[{"embeddable":true,"href":"https:\/\/www.braintumour.ca\/fr\/wp-json\/wp\/v2\/pages\/2901"}],"wp:featuredmedia":[{"embeddable":true,"href":"https:\/\/www.braintumour.ca\/fr\/wp-json\/wp\/v2\/media\/991"}],"wp:attachment":[{"href":"https:\/\/www.braintumour.ca\/fr\/wp-json\/wp\/v2\/media?parent=2904"}],"wp:term":[{"taxonomy":"user_type","embeddable":true,"href":"https:\/\/www.braintumour.ca\/fr\/wp-json\/wp\/v2\/user_type?post=2904"}],"curies":[{"name":"wp","href":"https:\/\/api.w.org\/{rel}","templated":true}]}}