{"id":6513,"date":"2020-12-05T13:49:36","date_gmt":"2020-12-05T18:49:36","guid":{"rendered":"https:\/\/www.braintumour.ca\/impliquez-vous\/organisez-un-evenement-communautaire\/marketplace\/"},"modified":"2021-07-14T15:45:22","modified_gmt":"2021-07-14T19:45:22","slug":"notre-marche-en-ligne","status":"publish","type":"page","link":"https:\/\/www.braintumour.ca\/fr\/impliquez-vous\/organisez-un-evenement-communautaire\/notre-marche-en-ligne\/","title":{"rendered":"Notre march\u00e9 en ligne"},"content":{"rendered":"<p>Trouvez des articles \u00e0 vendre dont les profits iront \u00e0 la Fondation canadienne des tumeurs c\u00e9r\u00e9brales dans notre <a href=\"https:\/\/btfc.akaraisin.com\/ui\/endbraintumoursFR\/Notre%20march%C3%A9%20en%20ligne\">March\u00e9 en ligne<\/a>. Merci \u00e0 toutes ces personnes passionn\u00e9es et cr\u00e9atives pour leur appui!<\/p>\n<p>La Fondation canadienne des tumeurs c\u00e9r\u00e9brales n&rsquo;assume aucune responsabilit\u00e9 \u00e0 l&rsquo;\u00e9gard des produits \u00e9num\u00e9r\u00e9s sur cette page.<\/p>\n<p>&nbsp;<\/p>\n<p style=\"text-align: center;\"><a href=\"https:\/\/btfc.akaraisin.com\/ui\/endbraintumoursFR\/Notre%20march%C3%A9%20en%20ligne\"><img loading=\"lazy\" decoding=\"async\" class=\"aligncenter wp-image-7603 size-medium\" src=\"https:\/\/www.braintumour.ca\/wp-content\/uploads\/2021\/07\/marche-en-ligne-300x240.png\" alt=\"\" width=\"300\" height=\"240\" srcset=\"https:\/\/www.braintumour.ca\/wp-content\/uploads\/2021\/07\/marche-en-ligne-300x240.png 300w, https:\/\/www.braintumour.ca\/wp-content\/uploads\/2021\/07\/marche-en-ligne-1024x820.png 1024w, https:\/\/www.braintumour.ca\/wp-content\/uploads\/2021\/07\/marche-en-ligne-768x615.png 768w, https:\/\/www.braintumour.ca\/wp-content\/uploads\/2021\/07\/marche-en-ligne-640x512.png 640w, https:\/\/www.braintumour.ca\/wp-content\/uploads\/2021\/07\/marche-en-ligne.png 1077w\" sizes=\"auto, (max-width: 639px) 98vw, (max-width: 1199px) 64vw, 300px\" \/><\/a><\/p>\n<p style=\"text-align: center;\"><strong><a href=\"https:\/\/btfc.akaraisin.com\/ui\/endbraintumoursFR\/Notre%20march%C3%A9%20en%20ligne\">\u00a0VISITEZ NOTRE MARCH\u00c9 EN LIGNE<\/a><\/strong><\/p>\n","protected":false},"excerpt":{"rendered":"<p>Trouvez des articles \u00e0 vendre dont les profits iront \u00e0 la Fondation canadienne des tumeurs c\u00e9r\u00e9brales dans notre March\u00e9 en [&hellip;]<\/p>\n","protected":false},"author":4,"featured_media":6085,"parent":2606,"menu_order":0,"comment_status":"closed","ping_status":"closed","template":"","meta":{"_acf_changed":false,"footnotes":""},"user_type":[],"class_list":["post-6513","page","type-page","status-publish","has-post-thumbnail","hentry"],"acf":[],"yoast_head":"<!-- This site is optimized with the Yoast SEO Premium plugin v27.0 (Yoast SEO v27.0) - https:\/\/yoast.com\/product\/yoast-seo-premium-wordpress\/ -->\n<title>Notre march\u00e9 en ligne - Fondation canadienne des tumeurs c\u00e9r\u00e9brales<\/title>\n<meta name=\"description\" content=\"Trouvez des articles \u00e0 vendre dont les profits iront \u00e0 la Fondation canadienne des tumeurs c\u00e9r\u00e9brales.\" \/>\n<meta name=\"robots\" content=\"index, follow, max-snippet:-1, max-image-preview:large, max-video-preview:-1\" \/>\n<link rel=\"canonical\" href=\"https:\/\/www.braintumour.ca\/fr\/impliquez-vous\/organisez-un-evenement-communautaire\/notre-marche-en-ligne\/\" \/>\n<meta property=\"og:locale\" content=\"fr_CA\" \/>\n<meta property=\"og:type\" content=\"article\" \/>\n<meta property=\"og:title\" content=\"Notre march\u00e9 en ligne\" \/>\n<meta property=\"og:description\" content=\"Trouvez des articles \u00e0 vendre dont les profits iront \u00e0 la Fondation canadienne des tumeurs c\u00e9r\u00e9brales.\" \/>\n<meta property=\"og:url\" content=\"https:\/\/www.braintumour.ca\/fr\/impliquez-vous\/organisez-un-evenement-communautaire\/notre-marche-en-ligne\/\" \/>\n<meta property=\"og:site_name\" content=\"Fondation canadienne des tumeurs c\u00e9r\u00e9brales\" \/>\n<meta property=\"article:modified_time\" content=\"2021-07-14T19:45:22+00:00\" \/>\n<meta property=\"og:image\" content=\"https:\/\/www.braintumour.ca\/wp-content\/uploads\/2020\/12\/apples-1841132_1280.jpg\" \/>\n\t<meta property=\"og:image:width\" content=\"1280\" \/>\n\t<meta property=\"og:image:height\" content=\"853\" \/>\n\t<meta property=\"og:image:type\" content=\"image\/jpeg\" \/>\n<meta name=\"twitter:card\" content=\"summary_large_image\" \/>\n<meta name=\"twitter:label1\" content=\"Estimation du temps de lecture\" \/>\n\t<meta name=\"twitter:data1\" content=\"1 minute\" \/>\n<script type=\"application\/ld+json\" class=\"yoast-schema-graph\">{\"@context\":\"https:\/\/schema.org\",\"@graph\":[{\"@type\":\"WebPage\",\"@id\":\"https:\/\/www.braintumour.ca\/fr\/impliquez-vous\/organisez-un-evenement-communautaire\/notre-marche-en-ligne\/\",\"url\":\"https:\/\/www.braintumour.ca\/fr\/impliquez-vous\/organisez-un-evenement-communautaire\/notre-marche-en-ligne\/\",\"name\":\"Notre march\u00e9 en ligne - Fondation canadienne des tumeurs c\u00e9r\u00e9brales\",\"isPartOf\":{\"@id\":\"https:\/\/www.braintumour.ca\/fr\/#website\"},\"primaryImageOfPage\":{\"@id\":\"https:\/\/www.braintumour.ca\/fr\/impliquez-vous\/organisez-un-evenement-communautaire\/notre-marche-en-ligne\/#primaryimage\"},\"image\":{\"@id\":\"https:\/\/www.braintumour.ca\/fr\/impliquez-vous\/organisez-un-evenement-communautaire\/notre-marche-en-ligne\/#primaryimage\"},\"thumbnailUrl\":\"https:\/\/www.braintumour.ca\/wp-content\/uploads\/2020\/12\/apples-1841132_1280.jpg\",\"datePublished\":\"2020-12-05T18:49:36+00:00\",\"dateModified\":\"2021-07-14T19:45:22+00:00\",\"description\":\"Trouvez des articles \u00e0 vendre dont les profits iront \u00e0 la Fondation canadienne des tumeurs c\u00e9r\u00e9brales.\",\"breadcrumb\":{\"@id\":\"https:\/\/www.braintumour.ca\/fr\/impliquez-vous\/organisez-un-evenement-communautaire\/notre-marche-en-ligne\/#breadcrumb\"},\"inLanguage\":\"fr-CA\",\"potentialAction\":[{\"@type\":\"ReadAction\",\"target\":[\"https:\/\/www.braintumour.ca\/fr\/impliquez-vous\/organisez-un-evenement-communautaire\/notre-marche-en-ligne\/\"]}]},{\"@type\":\"ImageObject\",\"inLanguage\":\"fr-CA\",\"@id\":\"https:\/\/www.braintumour.ca\/fr\/impliquez-vous\/organisez-un-evenement-communautaire\/notre-marche-en-ligne\/#primaryimage\",\"url\":\"https:\/\/www.braintumour.ca\/wp-content\/uploads\/2020\/12\/apples-1841132_1280.jpg\",\"contentUrl\":\"https:\/\/www.braintumour.ca\/wp-content\/uploads\/2020\/12\/apples-1841132_1280.jpg\",\"width\":1280,\"height\":853},{\"@type\":\"BreadcrumbList\",\"@id\":\"https:\/\/www.braintumour.ca\/fr\/impliquez-vous\/organisez-un-evenement-communautaire\/notre-marche-en-ligne\/#breadcrumb\",\"itemListElement\":[{\"@type\":\"ListItem\",\"position\":1,\"name\":\"Home\",\"item\":\"https:\/\/www.braintumour.ca\/fr\/\"},{\"@type\":\"ListItem\",\"position\":2,\"name\":\"Impliquez-vous\",\"item\":\"https:\/\/www.braintumour.ca\/fr\/impliquez-vous\/\"},{\"@type\":\"ListItem\",\"position\":3,\"name\":\"Organisez un \u00e9v\u00e9nement communautaire\",\"item\":\"https:\/\/www.braintumour.ca\/fr\/impliquez-vous\/organisez-un-evenement-communautaire\/\"},{\"@type\":\"ListItem\",\"position\":4,\"name\":\"Notre march\u00e9 en ligne\"}]},{\"@type\":\"WebSite\",\"@id\":\"https:\/\/www.braintumour.ca\/fr\/#website\",\"url\":\"https:\/\/www.braintumour.ca\/fr\/\",\"name\":\"Fondation canadienne des tumeurs c\u00e9r\u00e9brales\",\"description\":\"Notre mission est de venir en aide \u00e0 toutes les personnes touch\u00e9es par une tumeur c\u00e9r\u00e9brale au Canada par le biais de nos programmes d\u2019information, de soutien, d\u2019\u00e9ducation et de recherche.\",\"potentialAction\":[{\"@type\":\"SearchAction\",\"target\":{\"@type\":\"EntryPoint\",\"urlTemplate\":\"https:\/\/www.braintumour.ca\/fr\/?s={search_term_string}\"},\"query-input\":{\"@type\":\"PropertyValueSpecification\",\"valueRequired\":true,\"valueName\":\"search_term_string\"}}],\"inLanguage\":\"fr-CA\"}]}<\/script>\n<!-- \/ Yoast SEO Premium plugin. -->","yoast_head_json":{"title":"Notre march\u00e9 en ligne - Fondation canadienne des tumeurs c\u00e9r\u00e9brales","description":"Trouvez des articles \u00e0 vendre dont les profits iront \u00e0 la Fondation canadienne des tumeurs c\u00e9r\u00e9brales.","robots":{"index":"index","follow":"follow","max-snippet":"max-snippet:-1","max-image-preview":"max-image-preview:large","max-video-preview":"max-video-preview:-1"},"canonical":"https:\/\/www.braintumour.ca\/fr\/impliquez-vous\/organisez-un-evenement-communautaire\/notre-marche-en-ligne\/","og_locale":"fr_CA","og_type":"article","og_title":"Notre march\u00e9 en ligne","og_description":"Trouvez des articles \u00e0 vendre dont les profits iront \u00e0 la Fondation canadienne des tumeurs c\u00e9r\u00e9brales.","og_url":"https:\/\/www.braintumour.ca\/fr\/impliquez-vous\/organisez-un-evenement-communautaire\/notre-marche-en-ligne\/","og_site_name":"Fondation canadienne des tumeurs c\u00e9r\u00e9brales","article_modified_time":"2021-07-14T19:45:22+00:00","og_image":[{"width":1280,"height":853,"url":"https:\/\/www.braintumour.ca\/wp-content\/uploads\/2020\/12\/apples-1841132_1280.jpg","type":"image\/jpeg"}],"twitter_card":"summary_large_image","twitter_misc":{"Estimation du temps de lecture":"1 minute"},"schema":{"@context":"https:\/\/schema.org","@graph":[{"@type":"WebPage","@id":"https:\/\/www.braintumour.ca\/fr\/impliquez-vous\/organisez-un-evenement-communautaire\/notre-marche-en-ligne\/","url":"https:\/\/www.braintumour.ca\/fr\/impliquez-vous\/organisez-un-evenement-communautaire\/notre-marche-en-ligne\/","name":"Notre march\u00e9 en ligne - Fondation canadienne des tumeurs c\u00e9r\u00e9brales","isPartOf":{"@id":"https:\/\/www.braintumour.ca\/fr\/#website"},"primaryImageOfPage":{"@id":"https:\/\/www.braintumour.ca\/fr\/impliquez-vous\/organisez-un-evenement-communautaire\/notre-marche-en-ligne\/#primaryimage"},"image":{"@id":"https:\/\/www.braintumour.ca\/fr\/impliquez-vous\/organisez-un-evenement-communautaire\/notre-marche-en-ligne\/#primaryimage"},"thumbnailUrl":"https:\/\/www.braintumour.ca\/wp-content\/uploads\/2020\/12\/apples-1841132_1280.jpg","datePublished":"2020-12-05T18:49:36+00:00","dateModified":"2021-07-14T19:45:22+00:00","description":"Trouvez des articles \u00e0 vendre dont les profits iront \u00e0 la Fondation canadienne des tumeurs c\u00e9r\u00e9brales.","breadcrumb":{"@id":"https:\/\/www.braintumour.ca\/fr\/impliquez-vous\/organisez-un-evenement-communautaire\/notre-marche-en-ligne\/#breadcrumb"},"inLanguage":"fr-CA","potentialAction":[{"@type":"ReadAction","target":["https:\/\/www.braintumour.ca\/fr\/impliquez-vous\/organisez-un-evenement-communautaire\/notre-marche-en-ligne\/"]}]},{"@type":"ImageObject","inLanguage":"fr-CA","@id":"https:\/\/www.braintumour.ca\/fr\/impliquez-vous\/organisez-un-evenement-communautaire\/notre-marche-en-ligne\/#primaryimage","url":"https:\/\/www.braintumour.ca\/wp-content\/uploads\/2020\/12\/apples-1841132_1280.jpg","contentUrl":"https:\/\/www.braintumour.ca\/wp-content\/uploads\/2020\/12\/apples-1841132_1280.jpg","width":1280,"height":853},{"@type":"BreadcrumbList","@id":"https:\/\/www.braintumour.ca\/fr\/impliquez-vous\/organisez-un-evenement-communautaire\/notre-marche-en-ligne\/#breadcrumb","itemListElement":[{"@type":"ListItem","position":1,"name":"Home","item":"https:\/\/www.braintumour.ca\/fr\/"},{"@type":"ListItem","position":2,"name":"Impliquez-vous","item":"https:\/\/www.braintumour.ca\/fr\/impliquez-vous\/"},{"@type":"ListItem","position":3,"name":"Organisez un \u00e9v\u00e9nement communautaire","item":"https:\/\/www.braintumour.ca\/fr\/impliquez-vous\/organisez-un-evenement-communautaire\/"},{"@type":"ListItem","position":4,"name":"Notre march\u00e9 en ligne"}]},{"@type":"WebSite","@id":"https:\/\/www.braintumour.ca\/fr\/#website","url":"https:\/\/www.braintumour.ca\/fr\/","name":"Fondation canadienne des tumeurs c\u00e9r\u00e9brales","description":"Notre mission est de venir en aide \u00e0 toutes les personnes touch\u00e9es par une tumeur c\u00e9r\u00e9brale au Canada par le biais de nos programmes d\u2019information, de soutien, d\u2019\u00e9ducation et de recherche.","potentialAction":[{"@type":"SearchAction","target":{"@type":"EntryPoint","urlTemplate":"https:\/\/www.braintumour.ca\/fr\/?s={search_term_string}"},"query-input":{"@type":"PropertyValueSpecification","valueRequired":true,"valueName":"search_term_string"}}],"inLanguage":"fr-CA"}]}},"_links":{"self":[{"href":"https:\/\/www.braintumour.ca\/fr\/wp-json\/wp\/v2\/pages\/6513","targetHints":{"allow":["GET"]}}],"collection":[{"href":"https:\/\/www.braintumour.ca\/fr\/wp-json\/wp\/v2\/pages"}],"about":[{"href":"https:\/\/www.braintumour.ca\/fr\/wp-json\/wp\/v2\/types\/page"}],"author":[{"embeddable":true,"href":"https:\/\/www.braintumour.ca\/fr\/wp-json\/wp\/v2\/users\/4"}],"replies":[{"embeddable":true,"href":"https:\/\/www.braintumour.ca\/fr\/wp-json\/wp\/v2\/comments?post=6513"}],"version-history":[{"count":0,"href":"https:\/\/www.braintumour.ca\/fr\/wp-json\/wp\/v2\/pages\/6513\/revisions"}],"up":[{"embeddable":true,"href":"https:\/\/www.braintumour.ca\/fr\/wp-json\/wp\/v2\/pages\/2606"}],"wp:featuredmedia":[{"embeddable":true,"href":"https:\/\/www.braintumour.ca\/fr\/wp-json\/wp\/v2\/media\/6085"}],"wp:attachment":[{"href":"https:\/\/www.braintumour.ca\/fr\/wp-json\/wp\/v2\/media?parent=6513"}],"wp:term":[{"taxonomy":"user_type","embeddable":true,"href":"https:\/\/www.braintumour.ca\/fr\/wp-json\/wp\/v2\/user_type?post=6513"}],"curies":[{"name":"wp","href":"https:\/\/api.w.org\/{rel}","templated":true}]}}